{"id":19,"date":"2020-07-23T14:59:04","date_gmt":"2020-07-23T12:59:04","guid":{"rendered":"https:\/\/www.clib-cluster.de\/?page_id=19"},"modified":"2026-07-16T07:14:34","modified_gmt":"2026-07-16T05:14:34","slug":"wer-wir-sind","status":"publish","type":"page","link":"https:\/\/www.clib-cluster.de\/de\/wer-wir-sind\/","title":{"rendered":"Wer wir sind"},"content":{"rendered":"\n<style type=\"text\/css\" data-created_by=\"avia_inline_auto\" id=\"style-css-av-kdzm2ddn-55cbfc8c5e4e7f56733dce210d95ee82\">\n.avia-section.av-kdzm2ddn-55cbfc8c5e4e7f56733dce210d95ee82{\nbackground-repeat:no-repeat;\nbackground-image:url(https:\/\/www.clib-cluster.de\/wp-content\/uploads\/wer-wir-sind-1.jpg);\nbackground-position:50% 50%;\nbackground-attachment:scroll;\n}\n<\/style>\n<div id='av_section_1'  class='avia-section av-kdzm2ddn-55cbfc8c5e4e7f56733dce210d95ee82 main_color avia-section-default avia-no-border-styling  avia-builder-el-0  el_before_av_section  avia-builder-el-first  head-pic avia-bg-style-scroll av-minimum-height av-minimum-height-44 av-height-percent  container_wrap fullsize'  data-section-bg-repeat='no-repeat' data-av_minimum_height_pc='44' data-av_min_height_opt='percent'><div class='container av-section-cont-open' ><main  role=\"main\" itemprop=\"mainContentOfPage\"  class='template-page content  av-content-full alpha units'><div class='post-entry post-entry-type-page post-entry-19'><div class='entry-content-wrapper clearfix'>\n<\/div><\/div><\/main><!-- close content main element --><\/div><\/div><div id='av_section_2'  class='avia-section av-1nxvv-44dedae4b2e0409006b6d5e9c2ea97c9 main_color avia-section-default avia-no-border-styling  avia-builder-el-1  el_after_av_section  el_before_av_section  m-w-1200 avia-bg-style-scroll container_wrap fullsize'  ><div class='container av-section-cont-open' ><div class='template-page content  av-content-full alpha units'><div class='post-entry post-entry-type-page post-entry-19'><div class='entry-content-wrapper clearfix'>\n<section  class='av_textblock_section av-kdstfjtf-daade40d072ea6a78607b948b1b1a3f8 '   itemscope=\"itemscope\" itemtype=\"https:\/\/schema.org\/CreativeWork\" ><div class='avia_textblock'  itemprop=\"text\" ><h1 id=\"team\">CLIB Team<\/h1>\n<\/div><\/section>\n<section  class='av_textblock_section av-kdstfjtf-31-55a1e4cc8e5b6db01d13e6367b0a76fa '   itemscope=\"itemscope\" itemtype=\"https:\/\/schema.org\/CreativeWork\" ><div class='avia_textblock'  itemprop=\"text\" ><p>Das CLIB-Cluster-Management-Team pflegt und erweitert das CLIB-Netzwerk, ber\u00e4t und unterst\u00fctzt die CLIB-Mitglieder und koordiniert unsere F\u00f6rderprojekte.<\/p>\n<p>Sprechen Sie uns gerne an.<\/p>\n<\/div><\/section>\n\n<style type=\"text\/css\" data-created_by=\"avia_inline_auto\" id=\"style-css-av-10qbb-9d16cb0aa10c7d32a755a30f08bcac96\">\n.flex_column.av-10qbb-9d16cb0aa10c7d32a755a30f08bcac96{\nborder-radius:0px 0px 0px 0px;\npadding:0px 0px 0px 0px;\n}\n<\/style>\n<div  class='flex_column av-10qbb-9d16cb0aa10c7d32a755a30f08bcac96 av_one_third  avia-builder-el-4  el_after_av_textblock  el_before_av_one_third  first flex_column_div av-zero-column-padding  column-top-margin'     ><section  class='avia-team-member av-mpo1dyg6-40cd46be0a57049bfbb625fc40d04ab2  avia-builder-el-5  avia-builder-el-no-sibling '  itemscope=\"itemscope\" itemtype=\"https:\/\/schema.org\/Person\" ><div class=\"team-img-container\"><img decoding=\"async\" fetchpriority=\"high\" class='wp-image-27029 avia-img-lazy-loading-not-27029 avia_image avia_image_team av-team-img-original' src=\"https:\/\/www.clib-cluster.de\/wp-content\/uploads\/2026\/05\/CG-2026-180x180.jpg\" alt='Caroline Geerkens'  itemprop=\"image\"   height=\"180\" width=\"180\" srcset=\"https:\/\/www.clib-cluster.de\/wp-content\/uploads\/2026\/05\/CG-2026-180x180.jpg 180w, https:\/\/www.clib-cluster.de\/wp-content\/uploads\/2026\/05\/CG-2026-300x300.jpg 300w, https:\/\/www.clib-cluster.de\/wp-content\/uploads\/2026\/05\/CG-2026-80x80.jpg 80w, https:\/\/www.clib-cluster.de\/wp-content\/uploads\/2026\/05\/CG-2026-36x36.jpg 36w, https:\/\/www.clib-cluster.de\/wp-content\/uploads\/2026\/05\/CG-2026.jpg 500w\" sizes=\"(max-width: 180px) 100vw, 180px\" \/><\/div><h3 class='team-member-name '  itemprop=\"name\" >Caroline Geerkens<\/h3><div class='team-member-job-title '  itemprop=\"jobTitle\" >Buchhalterin<\/div><div class='team-member-description '  itemprop=\"description\" ><p><a href=\"tel:+4921141873725\">+49 211 418 737 25<\/a><br \/>\n<a href=\"mailto:geerkens@clib-cluster.de\">geerkens@clib-cluster.de<\/a><\/p>\n<\/div><span class='hidden team-member-affiliation'  itemprop=\"affiliation\" >CLIB - Cluster industrielle Biotechnologie<\/span><\/section><\/div>\n<style type=\"text\/css\" data-created_by=\"avia_inline_auto\" id=\"style-css-av-w1y7-4f21d523b6a0d8a270179f4384985b3c\">\n.flex_column.av-w1y7-4f21d523b6a0d8a270179f4384985b3c{\nborder-radius:0px 0px 0px 0px;\npadding:0px 0px 0px 0px;\n}\n<\/style>\n<div  class='flex_column av-w1y7-4f21d523b6a0d8a270179f4384985b3c av_one_third  avia-builder-el-6  el_after_av_one_third  el_before_av_one_third  flex_column_div av-zero-column-padding  column-top-margin'     ><section  class='avia-team-member av-kyn2kbl4-4c327ed58586ee461074c9f0a42a29f2  avia-builder-el-7  avia-builder-el-no-sibling '  itemscope=\"itemscope\" itemtype=\"https:\/\/schema.org\/Person\" ><div class=\"team-img-container\"><img decoding=\"async\" fetchpriority=\"high\" class='wp-image-22945 avia-img-lazy-loading-not-22945 avia_image avia_image_team av-team-img-original' src=\"https:\/\/www.clib-cluster.de\/wp-content\/uploads\/2025\/06\/2025_DH-180x180.jpg\" alt='Dennis Herzberg'  itemprop=\"image\"   height=\"180\" width=\"180\" srcset=\"https:\/\/www.clib-cluster.de\/wp-content\/uploads\/2025\/06\/2025_DH-180x180.jpg 180w, https:\/\/www.clib-cluster.de\/wp-content\/uploads\/2025\/06\/2025_DH-300x300.jpg 300w, https:\/\/www.clib-cluster.de\/wp-content\/uploads\/2025\/06\/2025_DH-80x80.jpg 80w, https:\/\/www.clib-cluster.de\/wp-content\/uploads\/2025\/06\/2025_DH-36x36.jpg 36w, https:\/\/www.clib-cluster.de\/wp-content\/uploads\/2025\/06\/2025_DH.jpg 370w\" sizes=\"(max-width: 180px) 100vw, 180px\" \/><\/div><h3 class='team-member-name '  itemprop=\"name\" >Dennis Herzberg<\/h3><div class='team-member-job-title '  itemprop=\"jobTitle\" >Cluster Manager &amp;<br \/>\nGesch\u00e4ftsf\u00fchrer<br \/>\n<\/div><div class='team-member-description '  itemprop=\"description\" ><p><a href=\"tel:+4921141873729\">+49 211 418 737 29<\/a><br \/>\n<a href=\"mailto:herzberg@clib-cluster.de\">herzberg@clib-cluster.de<\/a><\/p>\n<\/div><span class='hidden team-member-affiliation'  itemprop=\"affiliation\" >CLIB - Cluster industrielle Biotechnologie<\/span><\/section><\/div>\n<style type=\"text\/css\" data-created_by=\"avia_inline_auto\" id=\"style-css-av-16cxr-29-8457f2e3650f04a0afd9fd697580df73\">\n.flex_column.av-16cxr-29-8457f2e3650f04a0afd9fd697580df73{\nborder-radius:0px 0px 0px 0px;\npadding:0px 0px 0px 0px;\n}\n<\/style>\n<div  class='flex_column av-16cxr-29-8457f2e3650f04a0afd9fd697580df73 av_one_third  avia-builder-el-8  el_after_av_one_third  el_before_av_one_third  flex_column_div av-zero-column-padding  column-top-margin'     ><section  class='avia-team-member av-kdstkb2q-28-b223a74be21a261032eeddb1376ad670  avia-builder-el-9  avia-builder-el-no-sibling '  itemscope=\"itemscope\" itemtype=\"https:\/\/schema.org\/Person\" ><div class=\"team-img-container\"><img decoding=\"async\" fetchpriority=\"high\" class='wp-image-22949 avia-img-lazy-loading-not-22949 avia_image avia_image_team av-team-img-original' src=\"https:\/\/www.clib-cluster.de\/wp-content\/uploads\/2025\/06\/2025_TK-180x180.jpg\" alt='Dr. Tobias Klement'  itemprop=\"image\"   height=\"180\" width=\"180\" srcset=\"https:\/\/www.clib-cluster.de\/wp-content\/uploads\/2025\/06\/2025_TK-180x180.jpg 180w, https:\/\/www.clib-cluster.de\/wp-content\/uploads\/2025\/06\/2025_TK-300x300.jpg 300w, https:\/\/www.clib-cluster.de\/wp-content\/uploads\/2025\/06\/2025_TK-80x80.jpg 80w, https:\/\/www.clib-cluster.de\/wp-content\/uploads\/2025\/06\/2025_TK-36x36.jpg 36w, https:\/\/www.clib-cluster.de\/wp-content\/uploads\/2025\/06\/2025_TK.jpg 370w\" sizes=\"(max-width: 180px) 100vw, 180px\" \/><\/div><h3 class='team-member-name '  itemprop=\"name\" >Dr. Tobias Klement<\/h3><div class='team-member-job-title '  itemprop=\"jobTitle\" >Stellv. Cluster Manager &amp;<br \/>\nStellv. Gesch\u00e4ftsf\u00fchrer<br \/>\n<\/div><div class='team-member-description '  itemprop=\"description\" ><p><a href=\"tel:+4921141873726\">+49 211 418 737 26<\/a><br \/>\n<a href=\"mailto:klement@clib-cluster.de\">klement@clib-cluster.de<\/a><\/p>\n<\/div><span class='hidden team-member-affiliation'  itemprop=\"affiliation\" >CLIB - Cluster industrielle Biotechnologie<\/span><\/section><\/div>\n<style type=\"text\/css\" data-created_by=\"avia_inline_auto\" id=\"style-css-av-16cxr-27-50dba26076f889165db8e8fa1c251f65\">\n.flex_column.av-16cxr-27-50dba26076f889165db8e8fa1c251f65{\nborder-radius:0px 0px 0px 0px;\npadding:0px 0px 0px 0px;\n}\n<\/style>\n<div  class='flex_column av-16cxr-27-50dba26076f889165db8e8fa1c251f65 av_one_third  avia-builder-el-10  el_after_av_one_third  el_before_av_one_third  first flex_column_div av-zero-column-padding  column-top-margin'     ><section  class='avia-team-member av-kdstkb2q-26-c82f80d3658510708eda3ffaef6eb51c  avia-builder-el-11  avia-builder-el-no-sibling '  itemscope=\"itemscope\" itemtype=\"https:\/\/schema.org\/Person\" ><div class=\"team-img-container\"><img decoding=\"async\" fetchpriority=\"high\" class='wp-image-25881 avia-img-lazy-loading-not-25881 avia_image avia_image_team av-team-img-original' src=\"https:\/\/www.clib-cluster.de\/wp-content\/uploads\/2026\/03\/SK-2026-180x180.jpg\" alt='Sabine Kortmann'  itemprop=\"image\"   height=\"180\" width=\"180\" srcset=\"https:\/\/www.clib-cluster.de\/wp-content\/uploads\/2026\/03\/SK-2026-180x180.jpg 180w, https:\/\/www.clib-cluster.de\/wp-content\/uploads\/2026\/03\/SK-2026-300x298.jpg 300w, https:\/\/www.clib-cluster.de\/wp-content\/uploads\/2026\/03\/SK-2026-80x80.jpg 80w, https:\/\/www.clib-cluster.de\/wp-content\/uploads\/2026\/03\/SK-2026-36x36.jpg 36w, https:\/\/www.clib-cluster.de\/wp-content\/uploads\/2026\/03\/SK-2026.jpg 370w\" sizes=\"(max-width: 180px) 100vw, 180px\" \/><\/div><h3 class='team-member-name '  itemprop=\"name\" >Sabine Kortmann<\/h3><div class='team-member-job-title '  itemprop=\"jobTitle\" >Projektassistentin<\/div><div class='team-member-description '  itemprop=\"description\" ><p>Event Management, Design &amp;<br \/>\nMitgliederservice<br \/>\n<a href=\"tel:+4921141873727\">+49 211 418 737 27<\/a><br \/>\n<a href=\"mailto:kortmann@clib-cluster.de\">kortmann@clib-cluster.de<\/a><\/p>\n<\/div><span class='hidden team-member-affiliation'  itemprop=\"affiliation\" >CLIB - Cluster industrielle Biotechnologie<\/span><\/section><\/div>\n<style type=\"text\/css\" data-created_by=\"avia_inline_auto\" id=\"style-css-av-16cxr-25-e31706ad8184398311af6b302414308c\">\n.flex_column.av-16cxr-25-e31706ad8184398311af6b302414308c{\nborder-radius:0px 0px 0px 0px;\npadding:0px 0px 0px 0px;\n}\n<\/style>\n<div  class='flex_column av-16cxr-25-e31706ad8184398311af6b302414308c av_one_third  avia-builder-el-12  el_after_av_one_third  el_before_av_one_third  flex_column_div av-zero-column-padding  column-top-margin'     ><section  class='avia-team-member av-kdstkb2q-24-5565235c82f9dfc45bd79f52074c1b0b  avia-builder-el-13  avia-builder-el-no-sibling '  itemscope=\"itemscope\" itemtype=\"https:\/\/schema.org\/Person\" ><div class=\"team-img-container\"><img decoding=\"async\" fetchpriority=\"high\" class='wp-image-22951 avia-img-lazy-loading-not-22951 avia_image avia_image_team av-team-img-original' src=\"https:\/\/www.clib-cluster.de\/wp-content\/uploads\/2025\/06\/2025_KK-180x180.jpg\" alt='Dr. Katrin Kriebs'  itemprop=\"image\"   height=\"180\" width=\"180\" srcset=\"https:\/\/www.clib-cluster.de\/wp-content\/uploads\/2025\/06\/2025_KK-180x180.jpg 180w, https:\/\/www.clib-cluster.de\/wp-content\/uploads\/2025\/06\/2025_KK-300x300.jpg 300w, https:\/\/www.clib-cluster.de\/wp-content\/uploads\/2025\/06\/2025_KK-80x80.jpg 80w, https:\/\/www.clib-cluster.de\/wp-content\/uploads\/2025\/06\/2025_KK-36x36.jpg 36w, https:\/\/www.clib-cluster.de\/wp-content\/uploads\/2025\/06\/2025_KK.jpg 370w\" sizes=\"(max-width: 180px) 100vw, 180px\" \/><\/div><h3 class='team-member-name '  itemprop=\"name\" >Dr. Katrin Kriebs<\/h3><div class='team-member-job-title '  itemprop=\"jobTitle\" >Projektmanagerin &amp;<br \/>\nwissenschaftliche Referentin<br \/>\n<\/div><div class='team-member-description '  itemprop=\"description\" ><p>Ausbildung &amp; Entrepreneurship<br \/>\n<a href=\"tel:+4921141873728\">+49 211 418 737 28<\/a><br \/>\n<a href=\"mailto:kriebs@clib-cluster.de\">kriebs@clib-cluster.de<\/a><\/p>\n<\/div><span class='hidden team-member-affiliation'  itemprop=\"affiliation\" >CLIB - Cluster industrielle Biotechnologie<\/span><\/section><\/div>\n<style type=\"text\/css\" data-created_by=\"avia_inline_auto\" id=\"style-css-av-146un-63d4e6a3c877b57ce591aff82ccca00e\">\n.flex_column.av-146un-63d4e6a3c877b57ce591aff82ccca00e{\nborder-radius:0px 0px 0px 0px;\npadding:0px 0px 0px 0px;\n}\n<\/style>\n<div  class='flex_column av-146un-63d4e6a3c877b57ce591aff82ccca00e av_one_third  avia-builder-el-14  el_after_av_one_third  el_before_av_one_third  flex_column_div av-zero-column-padding  column-top-margin'     ><section  class='avia-team-member av-mmbzybvp-e1e28a1c5335a996c71b8da873d09913  avia-builder-el-15  avia-builder-el-no-sibling '  itemscope=\"itemscope\" itemtype=\"https:\/\/schema.org\/Person\" ><div class=\"team-img-container\"><img decoding=\"async\" fetchpriority=\"high\" class='wp-image-25894 avia-img-lazy-loading-not-25894 avia_image avia_image_team av-team-img-original' src=\"https:\/\/www.clib-cluster.de\/wp-content\/uploads\/2026\/03\/CM-2026-1-180x180.jpg\" alt='Carina Michel'  itemprop=\"image\"   height=\"180\" width=\"180\" srcset=\"https:\/\/www.clib-cluster.de\/wp-content\/uploads\/2026\/03\/CM-2026-1-180x180.jpg 180w, https:\/\/www.clib-cluster.de\/wp-content\/uploads\/2026\/03\/CM-2026-1-80x80.jpg 80w, https:\/\/www.clib-cluster.de\/wp-content\/uploads\/2026\/03\/CM-2026-1-36x36.jpg 36w\" sizes=\"(max-width: 180px) 100vw, 180px\" \/><\/div><h3 class='team-member-name '  itemprop=\"name\" >Carina Michel<\/h3><div class='team-member-job-title '  itemprop=\"jobTitle\" >Projektmanagerin &amp;<br \/>\nwissenschaftliche Referentin<br \/>\n<\/div><div class='team-member-description '  itemprop=\"description\" ><p><a href=\"tel:+4921141873723\">+49 211 418 737 23<\/a><br \/>\n<a href=\"mailto:michel@clib-cluster.de\">michel@clib-cluster.de<\/a><\/p>\n<\/div><span class='hidden team-member-affiliation'  itemprop=\"affiliation\" >CLIB - Cluster industrielle Biotechnologie<\/span><\/section><\/div>\n<style type=\"text\/css\" data-created_by=\"avia_inline_auto\" id=\"style-css-av-syzr-8f7c461e547c554816c862697f92ed4a\">\n.flex_column.av-syzr-8f7c461e547c554816c862697f92ed4a{\nborder-radius:0px 0px 0px 0px;\npadding:0px 0px 0px 0px;\n}\n<\/style>\n<div  class='flex_column av-syzr-8f7c461e547c554816c862697f92ed4a av_one_third  avia-builder-el-16  el_after_av_one_third  el_before_av_one_third  first flex_column_div av-zero-column-padding  column-top-margin'     ><section  class='avia-team-member av-m5l40lsx-0e1e65d21cc7fed6b6c17915d4f63849  avia-builder-el-17  avia-builder-el-no-sibling '  itemscope=\"itemscope\" itemtype=\"https:\/\/schema.org\/Person\" ><div class=\"team-img-container\"><img decoding=\"async\" fetchpriority=\"high\" class='wp-image-22940 avia-img-lazy-loading-not-22940 avia_image avia_image_team av-team-img-original' src=\"https:\/\/www.clib-cluster.de\/wp-content\/uploads\/2025\/06\/2025_NM-180x180.jpg\" alt='Nadja Mostert'  itemprop=\"image\"   height=\"180\" width=\"180\" srcset=\"https:\/\/www.clib-cluster.de\/wp-content\/uploads\/2025\/06\/2025_NM-180x180.jpg 180w, https:\/\/www.clib-cluster.de\/wp-content\/uploads\/2025\/06\/2025_NM-300x300.jpg 300w, https:\/\/www.clib-cluster.de\/wp-content\/uploads\/2025\/06\/2025_NM-80x80.jpg 80w, https:\/\/www.clib-cluster.de\/wp-content\/uploads\/2025\/06\/2025_NM-36x36.jpg 36w, https:\/\/www.clib-cluster.de\/wp-content\/uploads\/2025\/06\/2025_NM.jpg 370w\" sizes=\"(max-width: 180px) 100vw, 180px\" \/><\/div><h3 class='team-member-name '  itemprop=\"name\" >Nadja Mostert<\/h3><div class='team-member-job-title '  itemprop=\"jobTitle\" >Projektassistentin<\/div><div class='team-member-description '  itemprop=\"description\" ><p>Event Management &amp;<br \/>\nKommunikation<br \/>\n<a href=\"tel:+49211418737248\">+49 211 418 737 24<\/a><br \/>\n<a href=\"mailto:mostert@clib-cluster.de\">mostert@clib-cluster.de<\/a><\/p>\n<\/div><span class='hidden team-member-affiliation'  itemprop=\"affiliation\" >CLIB - Cluster industrielle Biotechnologie<\/span><\/section><\/div>\n<style type=\"text\/css\" data-created_by=\"avia_inline_auto\" id=\"style-css-av-16cxr-23-74cbfa613e7193b206840202c9e382a1\">\n.flex_column.av-16cxr-23-74cbfa613e7193b206840202c9e382a1{\nborder-radius:0px 0px 0px 0px;\npadding:0px 0px 0px 0px;\n}\n<\/style>\n<div  class='flex_column av-16cxr-23-74cbfa613e7193b206840202c9e382a1 av_one_third  avia-builder-el-18  el_after_av_one_third  el_before_av_one_third  flex_column_div av-zero-column-padding  column-top-margin'     ><section  class='avia-team-member av-kdstkb2q-22-afc2a0118a9fc61766bb04a0638e1109  avia-builder-el-19  avia-builder-el-no-sibling '  itemscope=\"itemscope\" itemtype=\"https:\/\/schema.org\/Person\" ><div class=\"team-img-container\"><img decoding=\"async\" fetchpriority=\"high\" class='wp-image-22959 avia-img-lazy-loading-not-22959 avia_image avia_image_team av-team-img-original' src=\"https:\/\/www.clib-cluster.de\/wp-content\/uploads\/2025\/06\/2025_MM_-180x180.jpg\" alt='Dr. Markus M\u00fcller'  itemprop=\"image\"   height=\"180\" width=\"180\" srcset=\"https:\/\/www.clib-cluster.de\/wp-content\/uploads\/2025\/06\/2025_MM_-180x180.jpg 180w, https:\/\/www.clib-cluster.de\/wp-content\/uploads\/2025\/06\/2025_MM_-300x300.jpg 300w, https:\/\/www.clib-cluster.de\/wp-content\/uploads\/2025\/06\/2025_MM_-80x80.jpg 80w, https:\/\/www.clib-cluster.de\/wp-content\/uploads\/2025\/06\/2025_MM_-36x36.jpg 36w, https:\/\/www.clib-cluster.de\/wp-content\/uploads\/2025\/06\/2025_MM_.jpg 370w\" sizes=\"(max-width: 180px) 100vw, 180px\" \/><\/div><h3 class='team-member-name '  itemprop=\"name\" >Dr. Markus M\u00fcller<\/h3><div class='team-member-job-title '  itemprop=\"jobTitle\" >Projektmanager &amp;<br \/>\nwissenschaftlicher Referent<br \/>\n<\/div><div class='team-member-description '  itemprop=\"description\" ><p>Verfahrenstechnik &amp;<br \/>\nTechnologietransfer<br \/>\n(in Elternzeit)<\/p>\n<\/div><span class='hidden team-member-affiliation'  itemprop=\"affiliation\" >CLIB - Cluster industrielle Biotechnologie<\/span><\/section><\/div>\n<style type=\"text\/css\" data-created_by=\"avia_inline_auto\" id=\"style-css-av-16cxr-19-814050cf14ebbd311cee3bfde01197c1\">\n.flex_column.av-16cxr-19-814050cf14ebbd311cee3bfde01197c1{\nborder-radius:0px 0px 0px 0px;\npadding:0px 0px 0px 0px;\n}\n<\/style>\n<div  class='flex_column av-16cxr-19-814050cf14ebbd311cee3bfde01197c1 av_one_third  avia-builder-el-20  el_after_av_one_third  el_before_av_one_third  flex_column_div av-zero-column-padding  column-top-margin'     ><section  class='avia-team-member av-kdstkb2q-18-4e0c043bbffa26ccdde971d46eedd747  avia-builder-el-21  avia-builder-el-no-sibling '  itemscope=\"itemscope\" itemtype=\"https:\/\/schema.org\/Person\" ><div class=\"team-img-container\"><img decoding=\"async\" fetchpriority=\"high\" class='wp-image-22955 avia-img-lazy-loading-not-22955 avia_image avia_image_team av-team-img-original' src=\"https:\/\/www.clib-cluster.de\/wp-content\/uploads\/2025\/06\/2025_SR-180x180.jpg\" alt='Dr. Sarah Refai'  itemprop=\"image\"   height=\"180\" width=\"180\" srcset=\"https:\/\/www.clib-cluster.de\/wp-content\/uploads\/2025\/06\/2025_SR-180x180.jpg 180w, https:\/\/www.clib-cluster.de\/wp-content\/uploads\/2025\/06\/2025_SR-300x300.jpg 300w, https:\/\/www.clib-cluster.de\/wp-content\/uploads\/2025\/06\/2025_SR-80x80.jpg 80w, https:\/\/www.clib-cluster.de\/wp-content\/uploads\/2025\/06\/2025_SR-36x36.jpg 36w, https:\/\/www.clib-cluster.de\/wp-content\/uploads\/2025\/06\/2025_SR.jpg 370w\" sizes=\"(max-width: 180px) 100vw, 180px\" \/><\/div><h3 class='team-member-name '  itemprop=\"name\" >Dr. Sarah Refai<\/h3><div class='team-member-job-title '  itemprop=\"jobTitle\" >Senior Projektmanagerin &amp;<br \/>\nwissenschaftliche Referentin<br \/>\n<\/div><div class='team-member-description '  itemprop=\"description\" ><p>C1-Verwertung &amp;<br \/>\nKreislaufwirtschaft<br \/>\n<a href=\"tel:+4921141873720\">+49 211 418 737 20<\/a><br \/>\n<a href=\"mailto:refai@clib-cluster.de\">refai@clib-cluster.de<\/a><\/p>\n<\/div><span class='hidden team-member-affiliation'  itemprop=\"affiliation\" >CLIB - Cluster industrielle Biotechnologie<\/span><\/section><\/div>\n<style type=\"text\/css\" data-created_by=\"avia_inline_auto\" id=\"style-css-av-1mmtf-4d310612cebb18db031c54daf9601e10\">\n.flex_column.av-1mmtf-4d310612cebb18db031c54daf9601e10{\nborder-radius:0px 0px 0px 0px;\npadding:0px 0px 0px 0px;\n}\n<\/style>\n<div  class='flex_column av-1mmtf-4d310612cebb18db031c54daf9601e10 av_one_third  avia-builder-el-22  el_after_av_one_third  el_before_av_one_third  first flex_column_div av-zero-column-padding  column-top-margin'     ><section  class='avia-team-member av-tv8v-e02ba69fefdce3261ad70fd4cf64aa68  avia-builder-el-23  avia-builder-el-no-sibling '  itemscope=\"itemscope\" itemtype=\"https:\/\/schema.org\/Person\" ><div class=\"team-img-container\"><img decoding=\"async\" fetchpriority=\"high\" class='wp-image-22957 avia-img-lazy-loading-not-22957 avia_image avia_image_team av-team-img-original' src=\"https:\/\/www.clib-cluster.de\/wp-content\/uploads\/2025\/06\/2025_TS-180x180.jpg\" alt='Dr. Tatjana M. E. Schwabe-Markovi\u0107'  itemprop=\"image\"   height=\"180\" width=\"180\" srcset=\"https:\/\/www.clib-cluster.de\/wp-content\/uploads\/2025\/06\/2025_TS-180x180.jpg 180w, https:\/\/www.clib-cluster.de\/wp-content\/uploads\/2025\/06\/2025_TS-300x300.jpg 300w, https:\/\/www.clib-cluster.de\/wp-content\/uploads\/2025\/06\/2025_TS-80x80.jpg 80w, https:\/\/www.clib-cluster.de\/wp-content\/uploads\/2025\/06\/2025_TS-36x36.jpg 36w, https:\/\/www.clib-cluster.de\/wp-content\/uploads\/2025\/06\/2025_TS.jpg 370w\" sizes=\"(max-width: 180px) 100vw, 180px\" \/><\/div><h3 class='team-member-name '  itemprop=\"name\" >Dr. Tatjana M. E. Schwabe-Markovi\u0107<\/h3><div class='team-member-job-title '  itemprop=\"jobTitle\" >Senior Projektmanagerin &amp;<br \/>\nwissenschaftliche Referentin<br \/>\n<\/div><div class='team-member-description '  itemprop=\"description\" ><p>Europa &amp; Bio-based Industries<br \/>\n<a href=\"tel:+4921141873721\">+49 211 418 737 21<\/a><br \/>\n<a href=\"mailto:schwabe@clib-cluster.de\">schwabe@clib-cluster.de<\/a><\/p>\n<\/div><span class='hidden team-member-affiliation'  itemprop=\"affiliation\" >CLIB - Cluster industrielle Biotechnologie<\/span><\/section><\/div>\n<style type=\"text\/css\" data-created_by=\"avia_inline_auto\" id=\"style-css-av-tl4z-d42a6bc51a02d242b63dcdafc556a061\">\n.flex_column.av-tl4z-d42a6bc51a02d242b63dcdafc556a061{\nborder-radius:0px 0px 0px 0px;\npadding:0px 0px 0px 0px;\n}\n<\/style>\n<div  class='flex_column av-tl4z-d42a6bc51a02d242b63dcdafc556a061 av_one_third  avia-builder-el-24  el_after_av_one_third  avia-builder-el-last  flex_column_div av-zero-column-padding  column-top-margin'     ><section  class='avia-team-member av-lb58n134-eb7102afdadf8c2547f1a2e587229f0f  avia-builder-el-25  avia-builder-el-no-sibling '  itemscope=\"itemscope\" itemtype=\"https:\/\/schema.org\/Person\" ><div class=\"team-img-container\"><img decoding=\"async\" fetchpriority=\"high\" class='wp-image-22953 avia-img-lazy-loading-not-22953 avia_image avia_image_team av-team-img-original' src=\"https:\/\/www.clib-cluster.de\/wp-content\/uploads\/2025\/06\/2025_PS-180x180.jpg\" alt='Dr. Peter Stoffels'  itemprop=\"image\"   height=\"180\" width=\"180\" srcset=\"https:\/\/www.clib-cluster.de\/wp-content\/uploads\/2025\/06\/2025_PS-180x180.jpg 180w, https:\/\/www.clib-cluster.de\/wp-content\/uploads\/2025\/06\/2025_PS-300x300.jpg 300w, https:\/\/www.clib-cluster.de\/wp-content\/uploads\/2025\/06\/2025_PS-80x80.jpg 80w, https:\/\/www.clib-cluster.de\/wp-content\/uploads\/2025\/06\/2025_PS-36x36.jpg 36w, https:\/\/www.clib-cluster.de\/wp-content\/uploads\/2025\/06\/2025_PS.jpg 370w\" sizes=\"(max-width: 180px) 100vw, 180px\" \/><\/div><h3 class='team-member-name '  itemprop=\"name\" >Dr. Peter Stoffels<\/h3><div class='team-member-job-title '  itemprop=\"jobTitle\" >Projektmanager &amp;<br \/>\nwissenschaftlicher Referent<br \/>\n<\/div><div class='team-member-description '  itemprop=\"description\" ><p>Regionale Biomasseverwertung<br \/>\n&amp; Kommunikation<br \/>\n<a href=\"tel:+4921141873722\">+49 211 418 737 22<\/a><br \/>\n<a href=\"mailto:stoffels@clib-cluster.de\">stoffels@clib-cluster.de<\/a><\/p>\n<\/div><span class='hidden team-member-affiliation'  itemprop=\"affiliation\" >CLIB - Cluster industrielle Biotechnologie<\/span><\/section><\/div><\/div><\/div><\/div><!-- close content main div --><\/div><\/div><div id='vorstand'  class='avia-section av-1nxvv-32-59cfc014bb893a290b810c50ba9b4fd2 main_color avia-section-default avia-no-border-styling  avia-builder-el-26  el_after_av_section  el_before_av_section  board-wrapper avia-bg-style-scroll container_wrap fullsize'  ><div class='container av-section-cont-open' ><div class='template-page content  av-content-full alpha units'><div class='post-entry post-entry-type-page post-entry-19'><div class='entry-content-wrapper clearfix'>\n<section  class='av_textblock_section av-kdstfjtf-30-49a181558b319c5402ba3e2c24417f83 '   itemscope=\"itemscope\" itemtype=\"https:\/\/schema.org\/CreativeWork\" ><div class='avia_textblock'  itemprop=\"text\" ><h2>CLIB erweiterter Vorstand<\/h2>\n<p>Der erweiterte CLIB-Vorstand setzt sich aus zw\u00f6lf Vertretern der CLIB-Mitglieder zusammen. Er kommt in regelm\u00e4\u00dfigen Abst\u00e4nden zusammen und trifft strategische Entscheidungen zur Weiterentwicklung des Vereins. Derzeit bilden die folgenden Personen den erweiterten Vorstand von CLIB:<\/p>\n<\/div><\/section>\n\n<style type=\"text\/css\" data-created_by=\"avia_inline_auto\" id=\"style-css-av-1eqv7-ed6a4bb4237e4b45a3211fb2f1cd6546\">\n.flex_column.av-1eqv7-ed6a4bb4237e4b45a3211fb2f1cd6546{\nborder-radius:0px 0px 0px 0px;\npadding:0px 0px 0px 0px;\n}\n<\/style>\n<div  class='flex_column av-1eqv7-ed6a4bb4237e4b45a3211fb2f1cd6546 av_one_half  avia-builder-el-28  el_after_av_textblock  el_before_av_one_half  first flex_column_div av-zero-column-padding  column-top-margin'     ><div  class='togglecontainer av-keb69ani-c362ab7dd4c3fe22f2c9abe596c09a56 av-elegant-toggle  avia-builder-el-29  avia-builder-el-no-sibling  toggle_close_all' >\n<section class='av_toggle_section av-39a8j-c4df9385574e8d2d8f5ae7a44fdce3bd'  itemscope=\"itemscope\" itemtype=\"https:\/\/schema.org\/CreativeWork\" ><div role=\"tablist\" class=\"single_toggle\" data-tags=\"{Alle} \"  ><p id='toggle-toggle-id-1' data-fake-id='#toggle-id-1' class='toggler  av-title-above '  itemprop=\"headline\"  role='tab' tabindex='0' aria-controls='toggle-id-1' data-slide-speed=\"200\" data-title=\"&lt;img src=&quot;\/wp-content\/uploads\/vorstand-breves.jpg&quot; \/&gt;Dr. Roland Breves&lt;br \/&gt;\nVorstandsvorsitzender CLIB&lt;br \/&gt;\nbcb - biotech consult breves\" data-title-open=\"\" data-aria_collapsed=\"Click to expand: &lt;img src=&quot;\/wp-content\/uploads\/vorstand-breves.jpg&quot; \/&gt;Dr. Roland Breves&lt;br \/&gt;\nVorstandsvorsitzender CLIB&lt;br \/&gt;\nbcb - biotech consult breves\" data-aria_expanded=\"Click to collapse: &lt;img src=&quot;\/wp-content\/uploads\/vorstand-breves.jpg&quot; \/&gt;Dr. Roland Breves&lt;br \/&gt;\nVorstandsvorsitzender CLIB&lt;br \/&gt;\nbcb - biotech consult breves\"><img decoding=\"async\" src=\"\/wp-content\/uploads\/vorstand-breves.jpg\" \/>Dr. Roland Breves<br \/>\nVorstandsvorsitzender CLIB<br \/>\nbcb - biotech consult breves<span class=\"toggle_icon\"><span class=\"vert_icon\"><\/span><span class=\"hor_icon\"><\/span><\/span><\/p><div id='toggle-id-1' aria-labelledby='toggle-toggle-id-1' role='region' class='toggle_wrap  av-title-above'  ><div class='toggle_content invers-color '  itemprop=\"text\" ><p>Roland Breves ist selbst\u00e4ndiger Berater auf dem Gebiet der Biotechnologie und<\/p>\n<p>Mikrobiologie. Zuvor war er 27 Jahre bei der Henkel AG &amp; Co KGaA in D\u00fcsseldorf, zuletzt als Leiter der Abteilung Corporate Microbiology.<\/p>\n<p>Nach dem Chemiestudium und der Dissertation in Mikrobiologie (\u00fcber Chitinasen aus Streptomyces) in Hannover war er als PostDoc am IPK Gatersleben zu Pflanzenzellwand-abbauenden Enzymen t\u00e4tig.<\/p>\n<p>Nach seinem Eintritt bei Henkel 1997 (seinerzeit in die COGNIS Biotechnologie GmbH) war er als Laborleiter verantwortlich f\u00fcr die Entwicklung von Waschmittelenzymen und Bacillus-Expressionsst\u00e4mmen.<\/p>\n<p>In 2000 \u00fcbernahm er in der Abteilung Mikrobiologie die Projektleitung \u201eSmart Hygiene\u201c, d.h. f\u00fcr Entwicklungen nicht-biozider, antimikrobieller Mechanismen z.B. gegen Biofilme, gegen mikrobielle Geruchsbildung oder zu Untersuchungen des Haut-Microbioms und prebiotischer Kosmetik.<\/p>\n<p>Seit 2006 leitete er die Gesamtabteilung Corporate Microbiology mit einem breiten mikrobiologischen Spektrum wie Desinfektionsmittelpr\u00fcfungen, Konservierung, Betriebshygiene sowie Abbautests von Polymeren und der Entwicklung biotechnologischer Inhaltsstoffe wie Peptiden, Polymeren und Biotensiden f\u00fcr Kleb- und Dichtstoffe, Kosmetik und Laundry und Home Care.<\/p>\n<p>Roland Breves ist seit 2013 Mitglied des CLIB-Vorstandes und seit Oktober 2023 Vorstandsvorsitzender.<\/p>\n<p>Er ist ferner seit vielen Jahren aktiv in Normungsgremien f\u00fcr Desinfektionsmittelpr\u00fcfungen bei DIN und CEN (TC 216 Chemical Disinfectants and Antiseptics).<\/p>\n<\/div><\/div><\/div><\/section>\n<section class='av_toggle_section av-lwhxqkuk-8dc8fd29342fa36c0649efa2aaeb94f3'  itemscope=\"itemscope\" itemtype=\"https:\/\/schema.org\/CreativeWork\" ><div role=\"tablist\" class=\"single_toggle\" data-tags=\"{Alle} \"  ><p id='toggle-toggle-id-2' data-fake-id='#toggle-id-2' class='toggler  av-title-above '  itemprop=\"headline\"  role='tab' tabindex='0' aria-controls='toggle-id-2' data-slide-speed=\"200\" data-title=\"&lt;img src=&quot;\/wp-content\/uploads\/vorstand-jaeger-gernot.jpg&quot; \/&gt;Dr. Gernot J\u00e4ger&lt;br \/&gt;\nStellvertretender Vorstandsvorsitzender CLIB&lt;br \/&gt;\nCovestro AG\" data-title-open=\"\" data-aria_collapsed=\"Click to expand: &lt;img src=&quot;\/wp-content\/uploads\/vorstand-jaeger-gernot.jpg&quot; \/&gt;Dr. Gernot J\u00e4ger&lt;br \/&gt;\nStellvertretender Vorstandsvorsitzender CLIB&lt;br \/&gt;\nCovestro AG\" data-aria_expanded=\"Click to collapse: &lt;img src=&quot;\/wp-content\/uploads\/vorstand-jaeger-gernot.jpg&quot; \/&gt;Dr. Gernot J\u00e4ger&lt;br \/&gt;\nStellvertretender Vorstandsvorsitzender CLIB&lt;br \/&gt;\nCovestro AG\"><img decoding=\"async\" src=\"\/wp-content\/uploads\/vorstand-jaeger-gernot.jpg\" \/>Dr. Gernot J\u00e4ger<br \/>\nStellvertretender Vorstandsvorsitzender CLIB<br \/>\nCovestro AG<span class=\"toggle_icon\"><span class=\"vert_icon\"><\/span><span class=\"hor_icon\"><\/span><\/span><\/p><div id='toggle-id-2' aria-labelledby='toggle-toggle-id-2' role='region' class='toggle_wrap  av-title-above'  ><div class='toggle_content invers-color '  itemprop=\"text\" ><p>Gernot J\u00e4ger leitet die Forschungsgruppe f\u00fcr Biotechnologie bei Covestro. Er kam 2012 zu Covestro (damals Bayer MaterialScience) und bekleidete unterschiedliche Rolle im Innovationsmanagement, in der Prozessforschung, im Projektportfoliomanagement und im Kompetenzzentrum f\u00fcr Katalysee. Er war und ist Mitglied in verschiedenen \u00f6ffentlichen Gremien, darunter DECHEMA (Biochemical Engineering, Vorstandsmitglied), Bio\u00f6konomierat NRW, GDCh (Nachhaltige Chemie, Vorstandsmitglied) und VCI (nachwachsende Rohstoffe). Dar\u00fcber hinaus war er Privatdozent an der RWTH Aachen und hielt Vorlesungen \u00fcber die biotechnologische Nutzung alternativer Rohstoffe. Gernot studierte Biotechnologie an der RWTH Aachen und promovierte 2012 mit Auszeichnung (summa cum laude) in Bioverfahrenstechnik an der &#8222;Aachener Verfahrenstechnik&#8220;. Seine Forschungsgebiete umfassen industrielle Biotechnologie, alternative Rohstoffe sowie Prozessentwicklung und Conceptual Design.<\/p>\n<\/div><\/div><\/div><\/section>\n<section class='av_toggle_section av-2swkr-4616cfe58cd96f0a516c4be6e1426b63'  itemscope=\"itemscope\" itemtype=\"https:\/\/schema.org\/CreativeWork\" ><div role=\"tablist\" class=\"single_toggle\" data-tags=\"{Alle} \"  ><p id='toggle-toggle-id-3' data-fake-id='#toggle-id-3' class='toggler  av-title-above '  itemprop=\"headline\"  role='tab' tabindex='0' aria-controls='toggle-id-3' data-slide-speed=\"200\" data-title=\"&lt;img src=&quot;\/wp-content\/uploads\/2024\/10\/Vorstand_Volker-Wendisch.jpg&quot; \/&gt;Prof. Dr. Volker F. Wendisch&lt;br \/&gt;\nStellvertretender Vorstandsvorsitzender CLIB&lt;br \/&gt;\nUniversit\u00e4t Bielefeld\" data-title-open=\"\" data-aria_collapsed=\"Click to expand: &lt;img src=&quot;\/wp-content\/uploads\/2024\/10\/Vorstand_Volker-Wendisch.jpg&quot; \/&gt;Prof. Dr. Volker F. Wendisch&lt;br \/&gt;\nStellvertretender Vorstandsvorsitzender CLIB&lt;br \/&gt;\nUniversit\u00e4t Bielefeld\" data-aria_expanded=\"Click to collapse: &lt;img src=&quot;\/wp-content\/uploads\/2024\/10\/Vorstand_Volker-Wendisch.jpg&quot; \/&gt;Prof. Dr. Volker F. Wendisch&lt;br \/&gt;\nStellvertretender Vorstandsvorsitzender CLIB&lt;br \/&gt;\nUniversit\u00e4t Bielefeld\"><img decoding=\"async\" src=\"\/wp-content\/uploads\/2024\/10\/Vorstand_Volker-Wendisch.jpg\" \/>Prof. Dr. Volker F. Wendisch<br \/>\nStellvertretender Vorstandsvorsitzender CLIB<br \/>\nUniversit\u00e4t Bielefeld<span class=\"toggle_icon\"><span class=\"vert_icon\"><\/span><span class=\"hor_icon\"><\/span><\/span><\/p><div id='toggle-id-3' aria-labelledby='toggle-toggle-id-3' role='region' class='toggle_wrap  av-title-above'  ><div class='toggle_content invers-color '  itemprop=\"text\" ><p>Volker F. Wendisch ist Inhaber des Lehrstuhls f\u00fcr Genetik der Prokaryoten an der Fakult\u00e4t f\u00fcr Biologie der Universit\u00e4t Bielefeld. Er ist wissenschaftlicher Leiter des Zentrums f\u00fcr Biotechnologie (CeBiTec) der Universit\u00e4t und Sprecher des Forschungsbereichs &#8222;Metabolic Engineering of Unicellular Systems and Bioproduction&#8220;. Er war Senator der Universit\u00e4t Bielefeld, Prodekan der Biologie von 2014-2016 und Dekan der Biologie 2016-2018. Volker F. Wendisch erhielt sein Diplom in Biologie an der Universit\u00e4t K\u00f6ln. Nach seiner Promotion am Institut f\u00fcr Biotechnologie 1 des Forschungszentrums J\u00fclich im Jahr 1997 arbeitete er als Postdoktorand an der University of California, Berkeley, CA, USA.<\/p>\n<p>Im Jahr 2004 erhielt er die venia legendi in Mikrobiologie an der HHU D\u00fcsseldorf. Von 2006 &#8211; 2009 war er Professor f\u00fcr Metabolic Engineering an der Universit\u00e4t M\u00fcnster. Seine Forschungsinteressen betreffen das genombasierte Metabolic Engineering von industriell relevanten Mikroorganismen, die System- und die synthetische Mikrobiologie. Derzeit koordiniert er die universit\u00e4ts\u00fcbergreifende EFRE.NRW-gef\u00f6rderte Forschungsinfrastruktur &#8222;CKB &#8211; CLIB Kompetenzzentrum Biotechnologie&#8220;.<\/p>\n<\/div><\/div><\/div><\/section>\n<section class='av_toggle_section av-231xz-67a254efce67d291bf288772444a94a1'  itemscope=\"itemscope\" itemtype=\"https:\/\/schema.org\/CreativeWork\" ><div role=\"tablist\" class=\"single_toggle\" data-tags=\"{Alle} \"  ><p id='toggle-toggle-id-4' data-fake-id='#toggle-id-4' class='toggler  av-title-above '  itemprop=\"headline\"  role='tab' tabindex='0' aria-controls='toggle-id-4' data-slide-speed=\"200\" data-title=\"&lt;img src=&quot;\/wp-content\/uploads\/2025\/01\/Vorstand_WGolla.jpg&quot; \/&gt;Prof. Dr. Winfried Golla&lt;br \/&gt;\nSchatzmeister CLIB&lt;br \/&gt;\nVerband der Chemischen Industrie e.V. NRW\" data-title-open=\"\" data-aria_collapsed=\"Click to expand: &lt;img src=&quot;\/wp-content\/uploads\/2025\/01\/Vorstand_WGolla.jpg&quot; \/&gt;Prof. Dr. Winfried Golla&lt;br \/&gt;\nSchatzmeister CLIB&lt;br \/&gt;\nVerband der Chemischen Industrie e.V. NRW\" data-aria_expanded=\"Click to collapse: &lt;img src=&quot;\/wp-content\/uploads\/2025\/01\/Vorstand_WGolla.jpg&quot; \/&gt;Prof. Dr. Winfried Golla&lt;br \/&gt;\nSchatzmeister CLIB&lt;br \/&gt;\nVerband der Chemischen Industrie e.V. NRW\"><img decoding=\"async\" src=\"\/wp-content\/uploads\/2025\/01\/Vorstand_WGolla.jpg\" \/>Prof. Dr. Winfried Golla<br \/>\nSchatzmeister CLIB<br \/>\nVerband der Chemischen Industrie e.V. NRW<span class=\"toggle_icon\"><span class=\"vert_icon\"><\/span><span class=\"hor_icon\"><\/span><\/span><\/p><div id='toggle-id-4' aria-labelledby='toggle-toggle-id-4' role='region' class='toggle_wrap  av-title-above'  ><div class='toggle_content invers-color '  itemprop=\"text\" ><p>Winfried Golla hat ein Studium zum Diplom-Chemiker absolviert und promovierte an der Universit\u00e4t M\u00fcnster. Seit mehr als 25 Jahren ist er f\u00fcr den Verband der Chemischen Industrie (VCI) t\u00e4tig. Seit Januar 2025 hat er die Position des Gesch\u00e4ftsf\u00fchrers des VCI Landesverbands Nordrhein-Westfalen \u00fcbernommen. Bis Dezember 2024 war er als Hauptgesch\u00e4ftsf\u00fchrer des VCI Baden-W\u00fcrttemberg aktiv und ist seit 2003 als Experte f\u00fcr Kreislaufwirtschafts- und Abfallrecht im VCI-Bundesverband t\u00e4tig.<\/p>\n<p>Zus\u00e4tzlich ist Winfried Golla seit 2015 Honorarprofessor am Karlsruher Institut f\u00fcr Technologie (KIT) in der Fakult\u00e4t f\u00fcr Chemie und Biowissenschaften. Er engagiert sich als Beiratsvorsitzender des \u201eTHINKTANK Industrielle Ressourcenstrategien\u201c. (Foto: Chemie.BW)<\/p>\n<\/div><\/div><\/div><\/section>\n<section class='av_toggle_section av-l0qhheqb-be8dc086267af5bfc76041e17f0aadfe'  itemscope=\"itemscope\" itemtype=\"https:\/\/schema.org\/CreativeWork\" ><div role=\"tablist\" class=\"single_toggle\" data-tags=\"{Alle} \"  ><p id='toggle-toggle-id-5' data-fake-id='#toggle-id-5' class='toggler  av-title-above '  itemprop=\"headline\"  role='tab' tabindex='0' aria-controls='toggle-id-5' data-slide-speed=\"200\" data-title=\"&lt;img src=&quot;\/wp-content\/uploads\/2023\/11\/Vorstand-CBaehr-1.jpg&quot; \/&gt;Dr. Cornelia B\u00e4hr&lt;br \/&gt;\nMitglied des erweiterten Vorstandes CLIB&lt;br \/&gt;\nb.value AG\" data-title-open=\"\" data-aria_collapsed=\"Click to expand: &lt;img src=&quot;\/wp-content\/uploads\/2023\/11\/Vorstand-CBaehr-1.jpg&quot; \/&gt;Dr. Cornelia B\u00e4hr&lt;br \/&gt;\nMitglied des erweiterten Vorstandes CLIB&lt;br \/&gt;\nb.value AG\" data-aria_expanded=\"Click to collapse: &lt;img src=&quot;\/wp-content\/uploads\/2023\/11\/Vorstand-CBaehr-1.jpg&quot; \/&gt;Dr. Cornelia B\u00e4hr&lt;br \/&gt;\nMitglied des erweiterten Vorstandes CLIB&lt;br \/&gt;\nb.value AG\"><img decoding=\"async\" src=\"\/wp-content\/uploads\/2023\/11\/Vorstand-CBaehr-1.jpg\" \/>Dr. Cornelia B\u00e4hr<br \/>\nMitglied des erweiterten Vorstandes CLIB<br \/>\nb.value AG<span class=\"toggle_icon\"><span class=\"vert_icon\"><\/span><span class=\"hor_icon\"><\/span><\/span><\/p><div id='toggle-id-5' aria-labelledby='toggle-toggle-id-5' role='region' class='toggle_wrap  av-title-above'  ><div class='toggle_content invers-color '  itemprop=\"text\" ><p>Cornelia B\u00e4hr ist Senior Investment Managerin bei dem Deep-Tech-Investor b.value AG. Ihr Fokus liegt auf nachhaltigen Materiall\u00f6sungen f\u00fcr die chemische Industrie und auf funktionalen Inhaltsstoffen f\u00fcr Konsumg\u00fcter. Als Mitarbeiterin der ersten Stunde hat sie die b.value AG mit aufgebaut und konzeptionell vorangetrieben. Au\u00dferdem ist sie Beisitzerin im Vorstand des Hamburger Start-ups traceless materials GmbH sowie des Lebensmittel-Start-ups Cultimate Foods mit Sitz in Berlin und Hannover. Vor ihrem Eintritt in die b.value AG unterst\u00fctzte Cornelia die damalige Enquete-Kommission der NRW-Landesregierung zur \u201eZukunft der chemischen Industrie\u201c als wissenschaftliche Beraterin beim VCI.NRW, bevor sie als wissenschaftliche Beraterin zum CLIB-Team stie\u00df und die Cluster-Aktivit\u00e4ten zur Nutzung kohlenstoffhaltiger Prozessgase leitete.<br \/>\nCornelia studierte Biologie an der RWTH Aachen und promovierte im Bereich Bioverfahrenstechnik an der Aachener Verfahrenstechnik der RWTH Aachen. Schon damals waren die Kommerzialisierung und Skalierbarkeit von technischen Erfindungen die treibende Kraft ihrer Forschungst\u00e4tigkeit.<\/p>\n<\/div><\/div><\/div><\/section>\n<section class='av_toggle_section av-1i5eb-3db05defe3544d43de91fe0aeb167517'  itemscope=\"itemscope\" itemtype=\"https:\/\/schema.org\/CreativeWork\" ><div role=\"tablist\" class=\"single_toggle\" data-tags=\"{Alle} \"  ><p id='toggle-toggle-id-6' data-fake-id='#toggle-id-6' class='toggler  av-title-above '  itemprop=\"headline\"  role='tab' tabindex='0' aria-controls='toggle-id-6' data-slide-speed=\"200\" data-title=\"&lt;img src=&quot;\/wp-content\/uploads\/2024\/10\/Vorstand_Heleen-De-Wever.jpg&quot; \/&gt;Dr. Heleen De Wever&lt;br \/&gt;\nMitglied des erweiterten Vorstandes CLIB&lt;br \/&gt;\nFlemish Institute for Technological Research, VITO\" data-title-open=\"\" data-aria_collapsed=\"Click to expand: &lt;img src=&quot;\/wp-content\/uploads\/2024\/10\/Vorstand_Heleen-De-Wever.jpg&quot; \/&gt;Dr. Heleen De Wever&lt;br \/&gt;\nMitglied des erweiterten Vorstandes CLIB&lt;br \/&gt;\nFlemish Institute for Technological Research, VITO\" data-aria_expanded=\"Click to collapse: &lt;img src=&quot;\/wp-content\/uploads\/2024\/10\/Vorstand_Heleen-De-Wever.jpg&quot; \/&gt;Dr. Heleen De Wever&lt;br \/&gt;\nMitglied des erweiterten Vorstandes CLIB&lt;br \/&gt;\nFlemish Institute for Technological Research, VITO\"><img decoding=\"async\" src=\"\/wp-content\/uploads\/2024\/10\/Vorstand_Heleen-De-Wever.jpg\" \/>Dr. Heleen De Wever<br \/>\nMitglied des erweiterten Vorstandes CLIB<br \/>\nFlemish Institute for Technological Research, VITO<span class=\"toggle_icon\"><span class=\"vert_icon\"><\/span><span class=\"hor_icon\"><\/span><\/span><\/p><div id='toggle-id-6' aria-labelledby='toggle-toggle-id-6' role='region' class='toggle_wrap  av-title-above'  ><div class='toggle_content invers-color '  itemprop=\"text\" ><p>Heleen De Wever promovierte 1995 in Angewandten Biowissenschaften an der Katholischen Universit\u00e4t Leuven in Belgien. Nach mehreren Postdoc-Forschungsaufenthalten &#8211; unter anderem an der Universit\u00e4t Stuttgart und an der Michigan State University &#8211; kam sie 2001 als Projektmanagerin zu VITO, dem Fl\u00e4mischen Institut f\u00fcr Technologische Forschung. Heleen verf\u00fcgt \u00fcber mehr als 25 Jahre Erfahrung in der Entwicklung, Beseitigung von Engp\u00e4ssen und Intensivierung von Biokonversionsprozessen. Ihre aktuelle Forschung konzentriert sich auf die Intensivierung von Bioprozessen sowie Gas- und C1-Fermentationen. Sie beteiligt sich an den vorbereitenden Aktivit\u00e4ten zur Gr\u00fcndung von IBISBA, einer europ\u00e4ischen Forschungsinfrastruktur f\u00fcr industrielle Biotechnologie und Biomanufacturing. Dar\u00fcber hinaus ist sie am MELiSSA-Projekt der Europ\u00e4ischen Weltraumorganisation beteiligt, einem bioregenerativen Kreislaufsystem f\u00fcr das Recycling von Wasser und organischen Abf\u00e4llen zur Unterst\u00fctzung des menschlichen Lebens bei langfristigen Weltraummissionen. Seit 2024 leitet sie das Team f\u00fcr Bioprozesse und Biomasseverarbeitung bei VITO.<\/p>\n<p>\u00dcbersetzt mit DeepL.com (kostenlose Version)<\/p>\n<\/div><\/div><\/div><\/section>\n<\/div><\/div>\n<style type=\"text\/css\" data-created_by=\"avia_inline_auto\" id=\"style-css-av-np6f-f08fe467a51ecefa2444a67013c240c7\">\n.flex_column.av-np6f-f08fe467a51ecefa2444a67013c240c7{\nborder-radius:0px 0px 0px 0px;\npadding:0px 0px 0px 0px;\n}\n<\/style>\n<div  class='flex_column av-np6f-f08fe467a51ecefa2444a67013c240c7 av_one_half  avia-builder-el-30  el_after_av_one_half  avia-builder-el-last  flex_column_div av-zero-column-padding  column-top-margin'     ><div  class='togglecontainer av-keb69ani-14-e109199fb1ccc5402eabfcf708e94d4e av-elegant-toggle  avia-builder-el-31  avia-builder-el-no-sibling  toggle_close_all' >\n<section class='av_toggle_section av-la6rrz76-a08f1f068e5ebcf07851c57ac3aea737'  itemscope=\"itemscope\" itemtype=\"https:\/\/schema.org\/CreativeWork\" ><div role=\"tablist\" class=\"single_toggle\" data-tags=\"{Alle} \"  ><p id='toggle-toggle-id-7' data-fake-id='#toggle-id-7' class='toggler  av-title-above '  itemprop=\"headline\"  role='tab' tabindex='0' aria-controls='toggle-id-7' data-slide-speed=\"200\" data-title=\"&lt;img src=&quot;\/wp-content\/uploads\/2025\/10\/Vorstand_M_Erb.jpg&quot; \/&gt;Maximilian Erb&lt;br \/&gt;\nMitglied des erweiterten Vorstandes CLIB&lt;br \/&gt;\nNRW.Bank\" data-title-open=\"\" data-aria_collapsed=\"Click to expand: &lt;img src=&quot;\/wp-content\/uploads\/2025\/10\/Vorstand_M_Erb.jpg&quot; \/&gt;Maximilian Erb&lt;br \/&gt;\nMitglied des erweiterten Vorstandes CLIB&lt;br \/&gt;\nNRW.Bank\" data-aria_expanded=\"Click to collapse: &lt;img src=&quot;\/wp-content\/uploads\/2025\/10\/Vorstand_M_Erb.jpg&quot; \/&gt;Maximilian Erb&lt;br \/&gt;\nMitglied des erweiterten Vorstandes CLIB&lt;br \/&gt;\nNRW.Bank\"><img decoding=\"async\" src=\"\/wp-content\/uploads\/2025\/10\/Vorstand_M_Erb.jpg\" \/>Maximilian Erb<br \/>\nMitglied des erweiterten Vorstandes CLIB<br \/>\nNRW.Bank<span class=\"toggle_icon\"><span class=\"vert_icon\"><\/span><span class=\"hor_icon\"><\/span><\/span><\/p><div id='toggle-id-7' aria-labelledby='toggle-toggle-id-7' role='region' class='toggle_wrap  av-title-above'  ><div class='toggle_content invers-color '  itemprop=\"text\" ><p>Maximilian Erb spent multiple years in the tech startup &amp; VC ecosystem, working currently as Investment Director for NRW Venture, the investment arm of NRW Bank.<\/p>\n<p>His focus areas are digital \/ software native business models in the AI, deeptech &amp; blockchain space, besides several years active as investor in the industrial biotech segment. He achieved a Master\u2019s degree in Economics from the University of Cologne and holds several board seats.<\/p>\n<\/div><\/div><\/div><\/section>\n<section class='av_toggle_section av-3l6j-1985baf55611d8b421c64606fd3d97aa'  itemscope=\"itemscope\" itemtype=\"https:\/\/schema.org\/CreativeWork\" ><div role=\"tablist\" class=\"single_toggle\" data-tags=\"{Alle} \"  ><p id='toggle-toggle-id-8' data-fake-id='#toggle-id-8' class='toggler  av-title-above '  itemprop=\"headline\"  role='tab' tabindex='0' aria-controls='toggle-id-8' data-slide-speed=\"200\" data-title=\"&lt;img src=&quot;\/wp-content\/uploads\/Vorstand-Silko-Grimm.jpg&quot; \/&gt;&lt;br \/&gt;\nDr. Silko Grimm&lt;br \/&gt;\nMitglied des erweiterten Vorstandes CLIB&lt;br \/&gt;\nEvonik Operations GmbH\" data-title-open=\"\" data-aria_collapsed=\"Click to expand: &lt;img src=&quot;\/wp-content\/uploads\/Vorstand-Silko-Grimm.jpg&quot; \/&gt;&lt;br \/&gt;\nDr. Silko Grimm&lt;br \/&gt;\nMitglied des erweiterten Vorstandes CLIB&lt;br \/&gt;\nEvonik Operations GmbH\" data-aria_expanded=\"Click to collapse: &lt;img src=&quot;\/wp-content\/uploads\/Vorstand-Silko-Grimm.jpg&quot; \/&gt;&lt;br \/&gt;\nDr. Silko Grimm&lt;br \/&gt;\nMitglied des erweiterten Vorstandes CLIB&lt;br \/&gt;\nEvonik Operations GmbH\"><img decoding=\"async\" src=\"\/wp-content\/uploads\/Vorstand-Silko-Grimm.jpg\" \/><br \/>\nDr. Silko Grimm<br \/>\nMitglied des erweiterten Vorstandes CLIB<br \/>\nEvonik Operations GmbH<span class=\"toggle_icon\"><span class=\"vert_icon\"><\/span><span class=\"hor_icon\"><\/span><\/span><\/p><div id='toggle-id-8' aria-labelledby='toggle-toggle-id-8' role='region' class='toggle_wrap  av-title-above'  ><div class='toggle_content invers-color '  itemprop=\"text\" ><p>Silko Grimm ist verantwortlich f\u00fcr den Bereich Political Network bei der Innovationsabteilung Creavis der Evonik Operations GmbH. Seit 2011 war er bei der Business Line Health Care in verschiedenen Rollen t\u00e4tig, u.a. f\u00fcr das Management von strategischen Projekten, wie beispielsweise New Business Development, Process Improvement und \u00f6ffentlich gef\u00f6rderte Projekte. Von 2016 bis 2022 verantwortete er das Projektmanagementoffice der Business Line Health Care und war f\u00fcr das Management des Projektportfolios der Innovation zust\u00e4ndig.<\/p>\n<p>Silko Grimm studierte physikalische Technik und Informationsverarbeitung an der Fachhochschule Merseburg und promovierte 2011 am Max-Planck Institut f\u00fcr Mikrostrukturphysik im Bereich der Materialwissenschaften und der Nanotechnologie in Halle an der Saale.<\/p>\n<\/div><\/div><\/div><\/section>\n<section class='av_toggle_section av-ot83-8cc6ffcd657554c19fd8f1f79ec32dbe'  itemscope=\"itemscope\" itemtype=\"https:\/\/schema.org\/CreativeWork\" ><div role=\"tablist\" class=\"single_toggle\" data-tags=\"{Alle} \"  ><p id='toggle-toggle-id-9' data-fake-id='#toggle-id-9' class='toggler  av-title-above '  itemprop=\"headline\"  role='tab' tabindex='0' aria-controls='toggle-id-9' data-slide-speed=\"200\" data-title=\"&lt;img src=&quot;\/wp-content\/uploads\/Vorstand_Frank-Kensy.jpg&quot; \/&gt;Dr.-Ing. Frank Kensy&lt;br \/&gt;\nMitglied des erweiterten Vorstandes CLIB&lt;br \/&gt;\nb.fab GmbH\" data-title-open=\"\" data-aria_collapsed=\"Click to expand: &lt;img src=&quot;\/wp-content\/uploads\/Vorstand_Frank-Kensy.jpg&quot; \/&gt;Dr.-Ing. Frank Kensy&lt;br \/&gt;\nMitglied des erweiterten Vorstandes CLIB&lt;br \/&gt;\nb.fab GmbH\" data-aria_expanded=\"Click to collapse: &lt;img src=&quot;\/wp-content\/uploads\/Vorstand_Frank-Kensy.jpg&quot; \/&gt;Dr.-Ing. Frank Kensy&lt;br \/&gt;\nMitglied des erweiterten Vorstandes CLIB&lt;br \/&gt;\nb.fab GmbH\"><img decoding=\"async\" src=\"\/wp-content\/uploads\/Vorstand_Frank-Kensy.jpg\" \/>Dr.-Ing. Frank Kensy<br \/>\nMitglied des erweiterten Vorstandes CLIB<br \/>\nb.fab GmbH<span class=\"toggle_icon\"><span class=\"vert_icon\"><\/span><span class=\"hor_icon\"><\/span><\/span><\/p><div id='toggle-id-9' aria-labelledby='toggle-toggle-id-9' role='region' class='toggle_wrap  av-title-above'  ><div class='toggle_content invers-color '  itemprop=\"text\" ><p>Frank Kensy hat Bioverfahrenstechnik an der RWTH Aachen studiert. Dort entwickelte er w\u00e4hrend seiner Promotion bei Prof. Jochen B\u00fcchs die BioLector-Technologie, die heutzutage weltweit f\u00fcr die fr\u00fche Bioprozessentwicklung eingesetzt wird. Erste Berufserfahrung sammelte Frank bei der Rhein Biotech GmbH in D\u00fcsseldorf im Bereich der Fermentationsentwicklung f\u00fcr rekombinante Proteine. Aus der RWTH Aachen heraus gr\u00fcndete er mit Kollegen die m2p-labs GmbH, die er zu einem f\u00fchrenden Hersteller f\u00fcr Mikrobioreaktoren entwickelte und knapp 10 Jahre als Gesch\u00e4ftsf\u00fchrer f\u00fchrte. Danach beriet er Start-ups und Biotechnologie-Unternehmen im Bereich des Innovationsmanagements und der Bioprozessentwicklung.<\/p>\n<p>Seit 2018 ist er Gr\u00fcnder und Gesch\u00e4ftsf\u00fchrer der b.fab GmbH, die sich auf die Verwertung von CO<sub>2<\/sub> mittels Elektrochemie und Biotechnologie spezialisiert hat. Frank hat mehr als 20 Jahre Erfahrung in der Biotech-Branche und leitete mehrere von der \u00f6ffentlich und Industrie finanzierte Forschungs- und Entwicklungsprojekte auf nationaler und europ\u00e4ischer Ebene.<\/p>\n<\/div><\/div><\/div><\/section>\n<section class='av_toggle_section av-1vraf-53c18f1ff2b4148f0420c5478700d6e9'  itemscope=\"itemscope\" itemtype=\"https:\/\/schema.org\/CreativeWork\" ><div role=\"tablist\" class=\"single_toggle\" data-tags=\"{Alle} \"  ><p id='toggle-toggle-id-10' data-fake-id='#toggle-id-10' class='toggler  av-title-above '  itemprop=\"headline\"  role='tab' tabindex='0' aria-controls='toggle-id-10' data-slide-speed=\"200\" data-title=\"&lt;img src=&quot;\/wp-content\/uploads\/2023\/11\/Vorstand_SLuetz.jpg&quot; \/&gt;Prof. Dr. Stephan L\u00fctz&lt;br \/&gt;\nMitglied des erweiterten Vorstandes CLIB&lt;br \/&gt;\nTU Dortmund\" data-title-open=\"\" data-aria_collapsed=\"Click to expand: &lt;img src=&quot;\/wp-content\/uploads\/2023\/11\/Vorstand_SLuetz.jpg&quot; \/&gt;Prof. Dr. Stephan L\u00fctz&lt;br \/&gt;\nMitglied des erweiterten Vorstandes CLIB&lt;br \/&gt;\nTU Dortmund\" data-aria_expanded=\"Click to collapse: &lt;img src=&quot;\/wp-content\/uploads\/2023\/11\/Vorstand_SLuetz.jpg&quot; \/&gt;Prof. Dr. Stephan L\u00fctz&lt;br \/&gt;\nMitglied des erweiterten Vorstandes CLIB&lt;br \/&gt;\nTU Dortmund\"><img decoding=\"async\" src=\"\/wp-content\/uploads\/2023\/11\/Vorstand_SLuetz.jpg\" \/>Prof. Dr. Stephan L\u00fctz<br \/>\nMitglied des erweiterten Vorstandes CLIB<br \/>\nTU Dortmund<span class=\"toggle_icon\"><span class=\"vert_icon\"><\/span><span class=\"hor_icon\"><\/span><\/span><\/p><div id='toggle-id-10' aria-labelledby='toggle-toggle-id-10' role='region' class='toggle_wrap  av-title-above'  ><div class='toggle_content invers-color '  itemprop=\"text\" ><p>Prof. Dr. Stephan L\u00fctz ist seit 2023 Mitglied im CLIB Vorstand.<\/p>\n<p>Im April 2016 wurde er auf den Lehrstuhl Bioprozesstechnik an der TU Dortmund berufen. Zuvor leitete er die Biokatalyse-Forschung der Novartis Pharma AG und war Dozent am Biozentrum der Universit\u00e4t Basel. Von 2003 bis 2008 war er der Leiter der Arbeitsgruppe \u201eTechnische Biokatalyse\u201c am Institut f\u00fcr Biotechnologie im Forschungszentrum J\u00fclich und gleichzeitig Habilitand am Lehrstuhl f\u00fcr Technische Chemie und Biotechnologie an der Universit\u00e4t Bonn. Mit CLIB ist er seit vielen Jahren verbunden, zuletzt als Leiter der Aktivit\u00e4ten des CLIB Kompetenzzentrum Biotechnologie (CKB) am Standort Dortmund.<\/p>\n<p>Stephan L\u00fctz ist ausgebildeter Chemiker und promovierte 2004 an der Universit\u00e4t Bonn. Im Jahr 2012 habilitierte er sich und erhielt die Lehrbef\u00e4higung f\u00fcr das Fach \u201eBiochemie\u201c. In der Forschung fasziniert ihn die Syntheseleistung der Natur, die er f\u00fcr die Produktion relevanter Wert- und Wirkstoffe nutzbar machen will.<\/p>\n<\/div><\/div><\/div><\/section>\n<section class='av_toggle_section av-2pog7-29689f49d8badc94ed181a1cd3545c3c'  itemscope=\"itemscope\" itemtype=\"https:\/\/schema.org\/CreativeWork\" ><div role=\"tablist\" class=\"single_toggle\" data-tags=\"{Alle} \"  ><p id='toggle-toggle-id-11' data-fake-id='#toggle-id-11' class='toggler  av-title-above '  itemprop=\"headline\"  role='tab' tabindex='0' aria-controls='toggle-id-11' data-slide-speed=\"200\" data-title=\"&lt;img src=&quot;\/wp-content\/uploads\/2024\/05\/Rainer_Simmering.jpg&quot; \/&gt;Dr. Rainer Simmering&lt;br \/&gt;\nMitglied des erweiterten Vorstandes CLIB&lt;br \/&gt;\nHenkel AG &amp; Co. KGaA\" data-title-open=\"\" data-aria_collapsed=\"Click to expand: &lt;img src=&quot;\/wp-content\/uploads\/2024\/05\/Rainer_Simmering.jpg&quot; \/&gt;Dr. Rainer Simmering&lt;br \/&gt;\nMitglied des erweiterten Vorstandes CLIB&lt;br \/&gt;\nHenkel AG &amp; Co. KGaA\" data-aria_expanded=\"Click to collapse: &lt;img src=&quot;\/wp-content\/uploads\/2024\/05\/Rainer_Simmering.jpg&quot; \/&gt;Dr. Rainer Simmering&lt;br \/&gt;\nMitglied des erweiterten Vorstandes CLIB&lt;br \/&gt;\nHenkel AG &amp; Co. KGaA\"><img decoding=\"async\" src=\"\/wp-content\/uploads\/2024\/05\/Rainer_Simmering.jpg\" \/>Dr. Rainer Simmering<br \/>\nMitglied des erweiterten Vorstandes CLIB<br \/>\nHenkel AG &amp; Co. KGaA<span class=\"toggle_icon\"><span class=\"vert_icon\"><\/span><span class=\"hor_icon\"><\/span><\/span><\/p><div id='toggle-id-11' aria-labelledby='toggle-toggle-id-11' role='region' class='toggle_wrap  av-title-above'  ><div class='toggle_content invers-color '  itemprop=\"text\" ><p>Dr. Rainer Simmering leitet die Abteilung Corporate Microbiology bei der Henkel AG &amp; Co. KGaA in D\u00fcsseldorf. Nachdem er sein Biologie-Studium an der Universit\u00e4t in M\u00fcnster beendet hatte, verfasste er seine Doktorarbeit am Deutschen Institut f\u00fcr Ern\u00e4hrungsforschung in Potsdam, wo er auch noch 1 Jahr f\u00fcr einen Post-Doc blieb. Im Oktober 200 \u00fcbernahm er eine Stelle am Nestl\u00e9 Research Center in Lausanne, wo er sich mit dem Nachweis und der Funktion des Darmmikrobioms besch\u00e4ftigte. Im Jahre 2003 wechselte er zu Henkel, in die Abteilung Hygiene Forschung, wo sich der Aufkl\u00e4rung des Hautmikrobioms mittels molekularer Methoden widmete. Seit 2009 fungierte er als Ansprechpartner f\u00fcr das globale Beauty Care Gesch\u00e4ft in allen mikrobiologischen Fragestellungen. Im April 2024 \u00fcbernahm er die Rolle als Head of Corporate Microbiology, die als Solution Provider f\u00fcr die Henkel Gesch\u00e4ftseinheiten dient.<\/p>\n<\/div><\/div><\/div><\/section>\n<section class='av_toggle_section av-1s3kr-3331b0cba04e3f4f5be9fe67327c3e1f'  itemscope=\"itemscope\" itemtype=\"https:\/\/schema.org\/CreativeWork\" ><div role=\"tablist\" class=\"single_toggle\" data-tags=\"{Alle} \"  ><p id='toggle-toggle-id-12' data-fake-id='#toggle-id-12' class='toggler  av-title-above '  itemprop=\"headline\"  role='tab' tabindex='0' aria-controls='toggle-id-12' data-slide-speed=\"200\" data-title=\"&lt;img src=&quot;\/wp-content\/uploads\/vorstand-welters.png&quot; \/&gt;Dr. Peter Welters&lt;br \/&gt;\nMitglied des erweiterten Vorstandes CLIB&lt;br \/&gt;\nPhytowelt GreenTechnologies GmbH\" data-title-open=\"\" data-aria_collapsed=\"Click to expand: &lt;img src=&quot;\/wp-content\/uploads\/vorstand-welters.png&quot; \/&gt;Dr. Peter Welters&lt;br \/&gt;\nMitglied des erweiterten Vorstandes CLIB&lt;br \/&gt;\nPhytowelt GreenTechnologies GmbH\" data-aria_expanded=\"Click to collapse: &lt;img src=&quot;\/wp-content\/uploads\/vorstand-welters.png&quot; \/&gt;Dr. Peter Welters&lt;br \/&gt;\nMitglied des erweiterten Vorstandes CLIB&lt;br \/&gt;\nPhytowelt GreenTechnologies GmbH\"><img decoding=\"async\" src=\"\/wp-content\/uploads\/vorstand-welters.png\" \/>Dr. Peter Welters<br \/>\nMitglied des erweiterten Vorstandes CLIB<br \/>\nPhytowelt GreenTechnologies GmbH<span class=\"toggle_icon\"><span class=\"vert_icon\"><\/span><span class=\"hor_icon\"><\/span><\/span><\/p><div id='toggle-id-12' aria-labelledby='toggle-toggle-id-12' role='region' class='toggle_wrap  av-title-above'  ><div class='toggle_content invers-color '  itemprop=\"text\" ><p>Nach dem Studium der Biochemie in Deutschland und der Promotion am Max-Planck-Institut f\u00fcr Pflanzenz\u00fcchtungsforschung in K\u00f6ln verbrachte Peter Welters drei Jahre an der University of California, San Diego, und zwei Jahre in Rouen, Frankreich, als Postdoc. 1998 gr\u00fcndete er die Phytowelt GmbH in Nettetal und wurde 2002 zum Gesch\u00e4ftsf\u00fchrer der GreenTec GmbH, einer Ausgr\u00fcndung des Max-Planck-Instituts in K\u00f6ln, ernannt.<\/p>\n<p>Im Januar 2006 fusionierten beide Unternehmen zur Phytowelt GreenTechnologies GmbH mit Peter Welters als Gesch\u00e4ftsf\u00fchrer. Das Unternehmen bietet Auftragsforschung im Bereich der Agrobiotechnologie und der industriellen Biotechnologie an. Dar\u00fcber hinaus entwickelt und vermarktet das Unternehmen ein enantioreines und nat\u00fcrliches Himbeeraroma, R-alpha-Ionon, das in einem Bio-Fermentationsprozess hergestellt wird. 2018 wurde Phytowelt von EuropaBio mit dem &#8222;Most Innovative European Biotech SME Award&#8220; in der Kategorie Agrarbiotechnologie ausgezeichnet und Phytowelts BBI-JU-gef\u00f6rdertes Projekt BioForever war unter den TOP 20 der europ\u00e4ischen Bioraffinerieprojekte der Internetplattform BiofuelsDigest. Peter Welters ist au\u00dferdem Gr\u00fcndungs- und Vorstandsmitglied von CLIB und Vorstandsmitglied der DIB.<\/p>\n<\/div><\/div><\/div><\/section>\n<\/div><\/div>\n<\/p>\n<\/div><\/div><\/div><!-- close content main div --><\/div><\/div><div id='beirat'  class='avia-section av-1nxvv-17-b6f5244190486cf9095652b8229032c0 main_color avia-section-default avia-no-border-styling  avia-builder-el-32  el_after_av_section  el_before_av_section  board-wrapper avia-bg-style-scroll container_wrap fullsize'  ><div class='container av-section-cont-open' ><div class='template-page content  av-content-full alpha units'><div class='post-entry post-entry-type-page post-entry-19'><div class='entry-content-wrapper clearfix'>\n<section  class='av_textblock_section av-kdstfjtf-16-9d7c584f6e409ee9796612260a5dfe7b '   itemscope=\"itemscope\" itemtype=\"https:\/\/schema.org\/CreativeWork\" ><div class='avia_textblock'  itemprop=\"text\" ><h2>CLIB Beirat<\/h2>\n<p>Um den Vorstand und das Clustermanagement bei der weiteren strategischen Entwicklung von CLIB zu beraten, freuen wir uns, folgende Personen in unserem Beirat zu haben:<\/p>\n<\/div><\/section>\n\n<style type=\"text\/css\" data-created_by=\"avia_inline_auto\" id=\"style-css-av-1eqv7-15-30685fbf367a1a7de1c6f6fd3e281185\">\n.flex_column.av-1eqv7-15-30685fbf367a1a7de1c6f6fd3e281185{\nborder-radius:0px 0px 0px 0px;\npadding:0px 0px 0px 0px;\n}\n<\/style>\n<div  class='flex_column av-1eqv7-15-30685fbf367a1a7de1c6f6fd3e281185 av_one_half  avia-builder-el-34  el_after_av_textblock  el_before_av_one_half  first flex_column_div av-zero-column-padding  column-top-margin'     ><div  class='togglecontainer av-keb69ani-12-06c30665d84b1277d9c912b3b5aed9b8 av-elegant-toggle  avia-builder-el-35  avia-builder-el-no-sibling  toggle_close_all' >\n<section class='av_toggle_section av-5a383-c7d1aaef89b2f1fb048d97e2cfc71477'  itemscope=\"itemscope\" itemtype=\"https:\/\/schema.org\/CreativeWork\" ><div role=\"tablist\" class=\"single_toggle\" data-tags=\"{Alle} \"  ><p id='toggle-toggle-id-13' data-fake-id='#toggle-id-13' class='toggler  av-title-above '  itemprop=\"headline\"  role='tab' tabindex='0' aria-controls='toggle-id-13' data-slide-speed=\"200\" data-title=\"&lt;img src=&quot;\/wp-content\/uploads\/beirat-baldenius.jpg&quot; \/&gt;Dr. Kai Baldenius&lt;br \/&gt;\nBaldenius Biotech Consulting, ehemals BASF\" data-title-open=\"\" data-aria_collapsed=\"Click to expand: &lt;img src=&quot;\/wp-content\/uploads\/beirat-baldenius.jpg&quot; \/&gt;Dr. Kai Baldenius&lt;br \/&gt;\nBaldenius Biotech Consulting, ehemals BASF\" data-aria_expanded=\"Click to collapse: &lt;img src=&quot;\/wp-content\/uploads\/beirat-baldenius.jpg&quot; \/&gt;Dr. Kai Baldenius&lt;br \/&gt;\nBaldenius Biotech Consulting, ehemals BASF\"><img decoding=\"async\" src=\"\/wp-content\/uploads\/beirat-baldenius.jpg\" \/>Dr. Kai Baldenius<br \/>\nBaldenius Biotech Consulting, ehemals BASF<span class=\"toggle_icon\"><span class=\"vert_icon\"><\/span><span class=\"hor_icon\"><\/span><\/span><\/p><div id='toggle-id-13' aria-labelledby='toggle-toggle-id-13' role='region' class='toggle_wrap  av-title-above'  ><div class='toggle_content invers-color '  itemprop=\"text\" ><p>Kai Baldenius ist ausgebildeter Chemiker. Nach seiner Promotion an der Universit\u00e4t Hamburg verbrachte er ein Post-Doc-Forschungsjahr am The Scripps Research Institute, bevor er 1993 zur BASF kam. Bei BASF war Kai in verschiedenen Positionen in der Forschung, Verfahrensentwicklung, Produktion, Marketing und Vertrieb t\u00e4tig. Von 2009 bis 2018 leitete er die Forschungsgruppe Biokatalyse der BASF.<\/p>\n<p>Im September 2019 hat Kai die BASF verlassen, um sich als Berater f\u00fcr angewandte Biotechnologie selbstst\u00e4ndig zu machen. Baldenius Biotech Consulting ber\u00e4t Venture Capital und junge Start-ups bei der optimalen Technologiepositionierung.<\/p>\n<\/div><\/div><\/div><\/section>\n<section class='av_toggle_section av-llkt3p2z-ea487b6e9eb5765ef085ab9362c60b96'  itemscope=\"itemscope\" itemtype=\"https:\/\/schema.org\/CreativeWork\" ><div role=\"tablist\" class=\"single_toggle\" data-tags=\"{Alle} \"  ><p id='toggle-toggle-id-14' data-fake-id='#toggle-id-14' class='toggler  av-title-above '  itemprop=\"headline\"  role='tab' tabindex='0' aria-controls='toggle-id-14' data-slide-speed=\"200\" data-title=\"&lt;img src=&quot;\/wp-content\/uploads\/2023\/08\/Beiraetin-Broering-2023-1.jpg&quot; \/&gt;Prof. Dr. Stefanie Br\u00f6ring&lt;br \/&gt;\nAkademische Direktorin des RUB World Factory Start-up Centers\" data-title-open=\"\" data-aria_collapsed=\"Click to expand: &lt;img src=&quot;\/wp-content\/uploads\/2023\/08\/Beiraetin-Broering-2023-1.jpg&quot; \/&gt;Prof. Dr. Stefanie Br\u00f6ring&lt;br \/&gt;\nAkademische Direktorin des RUB World Factory Start-up Centers\" data-aria_expanded=\"Click to collapse: &lt;img src=&quot;\/wp-content\/uploads\/2023\/08\/Beiraetin-Broering-2023-1.jpg&quot; \/&gt;Prof. Dr. Stefanie Br\u00f6ring&lt;br \/&gt;\nAkademische Direktorin des RUB World Factory Start-up Centers\"><img decoding=\"async\" src=\"\/wp-content\/uploads\/2023\/08\/Beiraetin-Broering-2023-1.jpg\" \/>Prof. Dr. Stefanie Br\u00f6ring<br \/>\nAkademische Direktorin des RUB World Factory Start-up Centers<span class=\"toggle_icon\"><span class=\"vert_icon\"><\/span><span class=\"hor_icon\"><\/span><\/span><\/p><div id='toggle-id-14' aria-labelledby='toggle-toggle-id-14' role='region' class='toggle_wrap  av-title-above'  ><div class='toggle_content invers-color '  itemprop=\"text\" ><p>Stefanie Br\u00f6ring ist Professorin an der Ruhr-Universit\u00e4t Bochum (RUB), Fakult\u00e4t f\u00fcr Wirtschaftswissenschaft und Inhaberin des Lehrstuhls f\u00fcr Entrepreneurship und Innovative Gesch\u00e4ftsmodelle. Sie ist zudem akademische Direktorin des World Factory Start-Up Centers an der RUB und Mitglied des NRW-Bio\u00f6konomierats. Vor ihrer akademischen Laufbahn sammelte Stefanie vielf\u00e4ltige Beratungs- und Industrieerfahrungen, haupts\u00e4chlich im Business Development in der Chemischen Industrie. Sie absolvierte ihr Studium in L\u00fcbeck, M\u00fcnster und Rotterdam und promovierte 2005 an der Universit\u00e4t M\u00fcnster. Ihre Dissertation zum Thema \u201eThe Front End of Innovation in Converging Industries\u201c f\u00fchrte sie an die Universit\u00e4t von Quebec in Montreal, Kanada. K\u00fcrzlich war sie Gastwissenschaftlerin an der Beedie School of Business der Simon Fraser University (SFU) in Vancouver. Ihre Forschungsinteressen umfassen das Technologie- und Innovationsmanagement mit einem Fokus auf die aufkommende Bio\u00f6konomie, Industrie-Konvergenz und die Dynamik technologie-basierter Unternehmungen und unternehmerischer \u00d6kosysteme. Ihre Arbeiten, die in f\u00fchrenden Fachzeitschriften ver\u00f6ffentlicht wurden, widmen sich dem Verst\u00e4ndnis \u00fcber nachhaltige Technologien und Gesch\u00e4ftsmodelle und tragen so zur Transformation bei.<\/p>\n<\/div><\/div><\/div><\/section>\n<section class='av_toggle_section av-flwb-a3d2b01fbbb1ddca9257425b2a8df4e3'  itemscope=\"itemscope\" itemtype=\"https:\/\/schema.org\/CreativeWork\" ><div role=\"tablist\" class=\"single_toggle\" data-tags=\"{Alle} \"  ><p id='toggle-toggle-id-15' data-fake-id='#toggle-id-15' class='toggler  av-title-above '  itemprop=\"headline\"  role='tab' tabindex='0' aria-controls='toggle-id-15' data-slide-speed=\"200\" data-title=\"&lt;img src=&quot;\/wp-content\/uploads\/2025\/01\/Larsen_Beirat.jpg&quot; \/&gt;Per Henrik Larsen&lt;br \/&gt;\nLallemand Bio-Ingredients\" data-title-open=\"\" data-aria_collapsed=\"Click to expand: &lt;img src=&quot;\/wp-content\/uploads\/2025\/01\/Larsen_Beirat.jpg&quot; \/&gt;Per Henrik Larsen&lt;br \/&gt;\nLallemand Bio-Ingredients\" data-aria_expanded=\"Click to collapse: &lt;img src=&quot;\/wp-content\/uploads\/2025\/01\/Larsen_Beirat.jpg&quot; \/&gt;Per Henrik Larsen&lt;br \/&gt;\nLallemand Bio-Ingredients\"><img decoding=\"async\" src=\"\/wp-content\/uploads\/2025\/01\/Larsen_Beirat.jpg\" \/>Per Henrik Larsen<br \/>\nLallemand Bio-Ingredients<span class=\"toggle_icon\"><span class=\"vert_icon\"><\/span><span class=\"hor_icon\"><\/span><\/span><\/p><div id='toggle-id-15' aria-labelledby='toggle-toggle-id-15' role='region' class='toggle_wrap  av-title-above'  ><div class='toggle_content invers-color '  itemprop=\"text\" ><p>Per Henrik Larsen ist Chemieingenieur der Technischen Universit\u00e4t von D\u00e4nemark (DTU). Er ist seit 1982 in der Biotechnologie t\u00e4tig und begann seine Karriere als Verfahrensingenieur in der nachgelagerten Produktion von Enzymen bei Novo Industry, dem heutigen Unternehmen Novozymes. Er war 24 Jahre lang bei Novo in verschiedenen Positionen im Produktionsmanagement und in der Technologie t\u00e4tig, von der Leitung der Fermentations-, Downstream- und Formulierungsabteilungen bis hin zum allgemeinen Standortmanagement und globalen strategischen Aufgaben. Er war f\u00fcr den Aufbau der Novozymes Enzym-Produktionsst\u00e4tte in China verantwortlich.<\/p>\n<p>Nach seinem Ausscheiden bei Novozymes war er 10 Jahre lang bei DSM Food Specialties t\u00e4tig, zun\u00e4chst als zun\u00e4chst als Standortleiter f\u00fcr das Enzymwerk in Frankreich und sp\u00e4ter als globaler Verantwortlicher f\u00fcr Operational Excellence und globale Produktion.<\/p>\n<p>Heute ist er Direktor f\u00fcr Operational Excellence &amp; Global Engineering bei Lallemand Bio-Ingredients. Seine Erfahrung umfasst die Produktion von Biotech-Produkten in gro\u00dfem Ma\u00dfstab, vom Scale-up bis zur kommerziellen Produktion. Er hat auch als Berater f\u00fcr die Biotech-Industrie gearbeitet.<\/p>\n<\/div><\/div><\/div><\/section>\n<section class='av_toggle_section av-3z4mz-b5082fa9521849db58568feb7def388a'  itemscope=\"itemscope\" itemtype=\"https:\/\/schema.org\/CreativeWork\" ><div role=\"tablist\" class=\"single_toggle\" data-tags=\"{Alle} \"  ><p id='toggle-toggle-id-16' data-fake-id='#toggle-id-16' class='toggler  av-title-above '  itemprop=\"headline\"  role='tab' tabindex='0' aria-controls='toggle-id-16' data-slide-speed=\"200\" data-title=\"&lt;img src=&quot;\/wp-content\/uploads\/Beirat_Kircher_2022.jpg&quot; \/&gt;Dr. Manfred Kircher&lt;br \/&gt;\nVorsitzender des Beirats&lt;br \/&gt;\nKADIB, ehemals Evonik Industries\" data-title-open=\"\" data-aria_collapsed=\"Click to expand: &lt;img src=&quot;\/wp-content\/uploads\/Beirat_Kircher_2022.jpg&quot; \/&gt;Dr. Manfred Kircher&lt;br \/&gt;\nVorsitzender des Beirats&lt;br \/&gt;\nKADIB, ehemals Evonik Industries\" data-aria_expanded=\"Click to collapse: &lt;img src=&quot;\/wp-content\/uploads\/Beirat_Kircher_2022.jpg&quot; \/&gt;Dr. Manfred Kircher&lt;br \/&gt;\nVorsitzender des Beirats&lt;br \/&gt;\nKADIB, ehemals Evonik Industries\"><img decoding=\"async\" src=\"\/wp-content\/uploads\/Beirat_Kircher_2022.jpg\" \/>Dr. Manfred Kircher<br \/>\nVorsitzender des Beirats<br \/>\nKADIB, ehemals Evonik Industries<span class=\"toggle_icon\"><span class=\"vert_icon\"><\/span><span class=\"hor_icon\"><\/span><\/span><\/p><div id='toggle-id-16' aria-labelledby='toggle-toggle-id-16' role='region' class='toggle_wrap  av-title-above'  ><div class='toggle_content invers-color '  itemprop=\"text\" ><p>Manfred Kircher bringt mehr als 30 Jahre Erfahrung in der chemischen Industrie und in der Entwicklung von Bio\u00f6konomie-Clustern bei Unternehmen, Forschungsinstituten und der \u00f6ffentlichen Verwaltung in seine Beratungst\u00e4tigkeit ein. Seine beruflichen Stationen sind biotechnologische Forschung und Entwicklung (Degussa AG, Deutschland), Produktion (w\u00e4hrend seiner Entsendung zu Fermas; Slowakei), Venture Capital (Entsendung zu Burrill &amp; Company; USA) und Biotechnologie-Partnering und Branding (Evonik Industries AG; Deutschland).<br \/>\nIm Auftrag von Evonik war er seit der Gr\u00fcndung des Clusters bis 2012 Vorstandsvorsitzender von CLIB und ist seit 2012 auch Vorsitzender des Beirats. 2014 gr\u00fcndete Manfred KADIB, ein Beratungsunternehmen f\u00fcr Bio\u00f6konomie. Seit 2019 ist er Mitglied im Vorstand des BioBall e. V. (Bio\u00f6konomie in Metropolregionen).<br \/>\nIm Jahr 2020 wurde er in den Beirat f\u00fcr nachhaltige Bio\u00f6konomie der Landesregierung Baden-W\u00fcrttemberg und zum Vorsitzenden der Fachgruppe Bioverwertung der Europ\u00e4ischen F\u00f6deration f\u00fcr Biotechnologie (EFB) berufen. Manfred ist von der EU-Kommission als Bio\u00f6konomie-Experte zertifiziert worden.<\/p>\n<\/div><\/div><\/div><\/section>\n<\/div><\/div>\n<style type=\"text\/css\" data-created_by=\"avia_inline_auto\" id=\"style-css-av-np6f-13-323a84561c806727242ec8d31f71f82d\">\n.flex_column.av-np6f-13-323a84561c806727242ec8d31f71f82d{\nborder-radius:0px 0px 0px 0px;\npadding:0px 0px 0px 0px;\n}\n<\/style>\n<div  class='flex_column av-np6f-13-323a84561c806727242ec8d31f71f82d av_one_half  avia-builder-el-36  el_after_av_one_half  avia-builder-el-last  flex_column_div av-zero-column-padding  column-top-margin'     ><div  class='togglecontainer av-keb69ani-9-4d2f7895f92d455b49a22c2ed3b0b04b av-elegant-toggle  avia-builder-el-37  avia-builder-el-no-sibling  toggle_close_all' >\n<section class='av_toggle_section av-llkt638z-1f94bdda6557efec177cbef3cc8b775c'  itemscope=\"itemscope\" itemtype=\"https:\/\/schema.org\/CreativeWork\" ><div role=\"tablist\" class=\"single_toggle\" data-tags=\"{Alle} \"  ><p id='toggle-toggle-id-17' data-fake-id='#toggle-id-17' class='toggler  av-title-above '  itemprop=\"headline\"  role='tab' tabindex='0' aria-controls='toggle-id-17' data-slide-speed=\"200\" data-title=\"&lt;img src=&quot;\/wp-content\/uploads\/beirat-patermann.jpg&quot; \/&gt;Dr. Dr. h.c. Christian Patermann&lt;br \/&gt;\nEhemals Europ\u00e4ische Kommission - DG Research\" data-title-open=\"\" data-aria_collapsed=\"Click to expand: &lt;img src=&quot;\/wp-content\/uploads\/beirat-patermann.jpg&quot; \/&gt;Dr. Dr. h.c. Christian Patermann&lt;br \/&gt;\nEhemals Europ\u00e4ische Kommission - DG Research\" data-aria_expanded=\"Click to collapse: &lt;img src=&quot;\/wp-content\/uploads\/beirat-patermann.jpg&quot; \/&gt;Dr. Dr. h.c. Christian Patermann&lt;br \/&gt;\nEhemals Europ\u00e4ische Kommission - DG Research\"><img decoding=\"async\" src=\"\/wp-content\/uploads\/beirat-patermann.jpg\" \/>Dr. Dr. h.c. Christian Patermann<br \/>\nEhemals Europ\u00e4ische Kommission - DG Research<span class=\"toggle_icon\"><span class=\"vert_icon\"><\/span><span class=\"hor_icon\"><\/span><\/span><\/p><div id='toggle-id-17' aria-labelledby='toggle-toggle-id-17' role='region' class='toggle_wrap  av-title-above'  ><div class='toggle_content invers-color '  itemprop=\"text\" ><p>Christian Patermann studierte Rechtswissenschaften, Wirtschaftswissenschaften und Sprachen in Deutschland, der Schweiz und Spanien und schloss 1969 seine Doktorarbeit in Rechtswissenschaften an der Universit\u00e4t Bonn ab. Im Jahr 1971 trat er in den \u00f6ffentlichen Dienst der Bundesrepublik Deutschland ein und wurde Mitglied des Bundesministeriums f\u00fcr Wissenschaft und Bildung. Von 1974-78 war er Wissenschaftsreferent an der deutschen Botschaft in Washington D.C., USA. Er kehrte in das Bundesministerium f\u00fcr Forschung und Technologie zur\u00fcck und bekleidete mehrere Positionen in Deutschland und bei internationalen Organisationen (ESA, ESO und EMBL). 1996 wechselte er zur Europ\u00e4ischen Kommission, GD Forschung und Technologie, wo er Direktor f\u00fcr Umwelt und Nachhaltigkeit, Programmdirektor f\u00fcr Biotechnologie, Landwirtschafts- und Lebensmittelforschung (Einf\u00fchrung der wissensbasierten Bio\u00f6konomie bei der Europ\u00e4ischen Kommission) und Mitvorsitzender der EG-US-Taskforce Biowissenschaften und Biotechnologieforschung war.<\/p>\n<p>Er ging 2007 in den Ruhestand, ist aber weiterhin als Berater f\u00fcr EU-Angelegenheiten und die Bio\u00f6konomie t\u00e4tig. Von 2009 bis 2012 war er Mitglied des ersten deutschen Bio\u00f6konomierates und hat sich stark f\u00fcr die Global Bioeconomy Summits in Berlin (2015, 2018, 2020) und Nairobi (2024) engagiert. Seit 2021 wird der j\u00e4hrliche BioSC Supervision Award, mit dem Nachwuchswissenschaftler f\u00fcr ihre herausragende Betreuung von Doktoranden in der Bio\u00f6konomie ausgezeichnet werden, als \u201eChristian Patermann Award\u201c verliehen.<\/p>\n<\/div><\/div><\/div><\/section>\n<section class='av_toggle_section av-1rtxj-ea497e20469b1b07c165ea6e495f534e'  itemscope=\"itemscope\" itemtype=\"https:\/\/schema.org\/CreativeWork\" ><div role=\"tablist\" class=\"single_toggle\" data-tags=\"{Alle} \"  ><p id='toggle-toggle-id-18' data-fake-id='#toggle-id-18' class='toggler  av-title-above '  itemprop=\"headline\"  role='tab' tabindex='0' aria-controls='toggle-id-18' data-slide-speed=\"200\" data-title=\"&lt;img src=&quot;\/wp-content\/uploads\/Beirat_Ruebberdt.jpg&quot; \/&gt;Dr. Kathrin R\u00fcbberdt&lt;br \/&gt;\nDECHEMA\" data-title-open=\"\" data-aria_collapsed=\"Click to expand: &lt;img src=&quot;\/wp-content\/uploads\/Beirat_Ruebberdt.jpg&quot; \/&gt;Dr. Kathrin R\u00fcbberdt&lt;br \/&gt;\nDECHEMA\" data-aria_expanded=\"Click to collapse: &lt;img src=&quot;\/wp-content\/uploads\/Beirat_Ruebberdt.jpg&quot; \/&gt;Dr. Kathrin R\u00fcbberdt&lt;br \/&gt;\nDECHEMA\"><img decoding=\"async\" src=\"\/wp-content\/uploads\/Beirat_Ruebberdt.jpg\" \/>Dr. Kathrin R\u00fcbberdt<br \/>\nDECHEMA<span class=\"toggle_icon\"><span class=\"vert_icon\"><\/span><span class=\"hor_icon\"><\/span><\/span><\/p><div id='toggle-id-18' aria-labelledby='toggle-toggle-id-18' role='region' class='toggle_wrap  av-title-above'  ><div class='toggle_content invers-color '  itemprop=\"text\" ><p>Kathrin R\u00fcbberdt studierte Chemie an den Universit\u00e4ten G\u00f6ttingen und Leipzig und promovierte an der Georg-August-Universit\u00e4t G\u00f6ttingen. 2001 begann sie ihre berufliche Laufbahn als Strategieberaterin bei Accenture. 2007 wechselte sie als Projektmanagerin zu AMR Internaional Ltd. Seit 2008 ist sie f\u00fcr die DECHEMA Gesellschaft f\u00fcr Chemische Technik und Biotechnologie e.V. t\u00e4tig, zun\u00e4chst als Leiterin der Kommunikation und seit 2011 zus\u00e4tzlich als Leiterin der Abteilung Biotechnologie. Im Juli 2021 \u00fcbernahm sie die Leitung des Bereichs Wissenschaft &amp; Industrie der DECHEMA. In dieser Funktion koordiniert sie die inhaltlichen Aktivit\u00e4ten der DECHEMA \u00fcber die verschiedenen Themenbereiche hinweg.<\/p>\n<\/div><\/div><\/div><\/section>\n<section class='av_toggle_section av-2l1bj-74620813ee7f562901a1847b94a3c187'  itemscope=\"itemscope\" itemtype=\"https:\/\/schema.org\/CreativeWork\" ><div role=\"tablist\" class=\"single_toggle\" data-tags=\"{Alle} \"  ><p id='toggle-toggle-id-19' data-fake-id='#toggle-id-19' class='toggler  av-title-above '  itemprop=\"headline\"  role='tab' tabindex='0' aria-controls='toggle-id-19' data-slide-speed=\"200\" data-title=\"&lt;img src=&quot;\/wp-content\/uploads\/beirat-schwaneberg.jpg&quot; \/&gt;Prof. Dr. Ulrich Schwaneberg&lt;br \/&gt;\nRWTH Aachen and DWI Leibniz-Institut f\u00fcr Interaktive Materialien\" data-title-open=\"\" data-aria_collapsed=\"Click to expand: &lt;img src=&quot;\/wp-content\/uploads\/beirat-schwaneberg.jpg&quot; \/&gt;Prof. Dr. Ulrich Schwaneberg&lt;br \/&gt;\nRWTH Aachen and DWI Leibniz-Institut f\u00fcr Interaktive Materialien\" data-aria_expanded=\"Click to collapse: &lt;img src=&quot;\/wp-content\/uploads\/beirat-schwaneberg.jpg&quot; \/&gt;Prof. Dr. Ulrich Schwaneberg&lt;br \/&gt;\nRWTH Aachen and DWI Leibniz-Institut f\u00fcr Interaktive Materialien\"><img decoding=\"async\" src=\"\/wp-content\/uploads\/beirat-schwaneberg.jpg\" \/>Prof. Dr. Ulrich Schwaneberg<br \/>\nRWTH Aachen and DWI Leibniz-Institut f\u00fcr Interaktive Materialien<span class=\"toggle_icon\"><span class=\"vert_icon\"><\/span><span class=\"hor_icon\"><\/span><\/span><\/p><div id='toggle-id-19' aria-labelledby='toggle-toggle-id-19' role='region' class='toggle_wrap  av-title-above'  ><div class='toggle_content invers-color '  itemprop=\"text\" ><p>Ulrich Schwaneberg schloss sein Studium der Chemie (1996) ab und promovierte (1999; Betreuer Prof. R. D. Schmid) an der Universit\u00e4t Stuttgart. Nach einem Postdoc am Caltech im Labor des Nobelpreistr\u00e4gers Prof. Frances H. Arnold wurde er 2002 als Professor an die Jacobs-Universit\u00e4t Bremen berufen. Im Januar 2009 wechselte er als Leiter des Instituts f\u00fcr Biotechnologie an die Rheinisch-Westf\u00e4lische Technische Hochschule (RWTH) Aachen und ist seit 2010 Mitberichterstatter im Wissenschaftlichen Direktorium des DWI Leibniz-Instituts f\u00fcr Interaktive Materialien.<\/p>\n<p>Dar\u00fcber hinaus ist er in den Vorstand des Bioeconomy Science Center berufen worden, fungiert als Sprecher des RWTH-Profilbereichs Molecular Science &amp; Engineering und koordiniert die Bio\u00f6konomie-Aktivit\u00e4ten der RWTH im Strukturwandel.<\/p>\n<p>Er ist Mitgr\u00fcnder der Firmen SeSaM Biotech &amp; Aachen Proteineers und hat ein besonderes Interesse an Protein-Engineering, um ma\u00dfgeschneiderte Proteinbausteine f\u00fcr die biologische Transformation der Materialwissenschaft und Produktion bereitzustellen. Im Jahr 2016 erhielt Ulrich den BMBF-Forschungspreis f\u00fcr die n\u00e4chste Generation von Bioprozessen. Er hat \u00fcber 270 Originalmanuskripte ver\u00f6ffentlicht und ist Miterfinder bei mehr als 20 Patenten (meist mit der Industrie).<\/p>\n<\/div><\/div><\/div><\/section>\n<section class='av_toggle_section av-24ds7-16e2edfdf881bf2b8bc25e766407f015'  itemscope=\"itemscope\" itemtype=\"https:\/\/schema.org\/CreativeWork\" ><div role=\"tablist\" class=\"single_toggle\" data-tags=\"{Alle} \"  ><p id='toggle-toggle-id-20' data-fake-id='#toggle-id-20' class='toggler  av-title-above '  itemprop=\"headline\"  role='tab' tabindex='0' aria-controls='toggle-id-20' data-slide-speed=\"200\" data-title=\"&lt;img src=&quot;\/wp-content\/uploads\/beirat-sederel.jpg&quot; \/&gt;Dr. Willem Sederel&lt;br \/&gt;\nCircular Biobased Delta\" data-title-open=\"\" data-aria_collapsed=\"Click to expand: &lt;img src=&quot;\/wp-content\/uploads\/beirat-sederel.jpg&quot; \/&gt;Dr. Willem Sederel&lt;br \/&gt;\nCircular Biobased Delta\" data-aria_expanded=\"Click to collapse: &lt;img src=&quot;\/wp-content\/uploads\/beirat-sederel.jpg&quot; \/&gt;Dr. Willem Sederel&lt;br \/&gt;\nCircular Biobased Delta\"><img decoding=\"async\" src=\"\/wp-content\/uploads\/beirat-sederel.jpg\" \/>Dr. Willem Sederel<br \/>\nCircular Biobased Delta<span class=\"toggle_icon\"><span class=\"vert_icon\"><\/span><span class=\"hor_icon\"><\/span><\/span><\/p><div id='toggle-id-20' aria-labelledby='toggle-toggle-id-20' role='region' class='toggle_wrap  av-title-above'  ><div class='toggle_content invers-color '  itemprop=\"text\" ><p>Willem Sederel ist Chemieingenieur und Polymerwissenschaftler an der University of Technology Twente in Enschede (NL). Er schloss seine Ausbildung mit &#8222;cum laude&#8220; ab und machte einen Post-Doc \u00fcber biomedizinische Materialien an der Case Western Reserve University in Cleveland, Ohio. 1977 begann er seine industrielle Karriere bei Shell in Amsterdam und wechselte dann zu General Electric, wo er globale F\u00fchrungsaufgaben in der Prozess-, Produkt- und Anwendungsentwicklung sowie im Marketing wahrnahm. Seine letzte Rolle vor dem Ausscheiden aus seiner 36-j\u00e4hrigen Industriekarriere war die des globalen Innovationsleiters bei SABIC. Willem kam 2013 als Direktor und Vorsitzender zu Biobased Delta. Von April 2016 -2020 war er im Vorstand f\u00fcr die internationalen Aktivit\u00e4ten verantwortlich. Seit dem 1. April 2020 ist er wieder Vorsitzender des nun Circular Biobased Delta genannten Unternehmens.<\/p>\n<p>Willem ist auch der Gr\u00fcndungsvater des Green Chemistry Campus in Bergen op Zoom, der 2011 er\u00f6ffnet wurde. Willem hat zur \u00dcbergangsagenda Biomasse und Lebensmittel in den Niederlanden beigetragen. Seit vielen Jahren ist er Mitglied der Policy Group Innovation der niederl\u00e4ndischen Chemie-Branchenorganisation VNCI und Mitglied des Beirats von Biorizon, dem gemeinsamen Forschungszentrum f\u00fcr die Entwicklung von Bio-Aromaten.<\/p>\n<\/div><\/div><\/div><\/section>\n<\/div><\/div>\n\n<\/div><\/div><\/div><!-- close content main div --><\/div><\/div><div id='av_section_5'  class='avia-section av-1nxvv-11-2f166edca659906df9d7eb29ac29af3d main_color avia-section-default avia-no-border-styling  avia-builder-el-38  el_after_av_section  el_before_av_section  adress-wrapper avia-bg-style-scroll container_wrap fullsize'  ><div class='container av-section-cont-open' ><div class='template-page content  av-content-full alpha units'><div class='post-entry post-entry-type-page post-entry-19'><div class='entry-content-wrapper clearfix'>\n<section  class='av_textblock_section av-kdstfjtf-10-486bb1ed01faf69a70c4e6e9b35a2d57 '   itemscope=\"itemscope\" itemtype=\"https:\/\/schema.org\/CreativeWork\" ><div class='avia_textblock'  itemprop=\"text\" ><h2 id=\"geschaeftsstelle\">Gesch\u00e4ftsstelle<\/h2>\n<\/div><\/section>\n\n<style type=\"text\/css\" data-created_by=\"avia_inline_auto\" id=\"style-css-av-1hnq7-708c021e8353a0a339c11464181b56b4\">\n.flex_column.av-1hnq7-708c021e8353a0a339c11464181b56b4{\nborder-radius:0px 0px 0px 0px;\npadding:0px 0px 0px 0px;\n}\n<\/style>\n<div  class='flex_column av-1hnq7-708c021e8353a0a339c11464181b56b4 av_one_fourth  avia-builder-el-40  el_after_av_textblock  el_before_av_three_fourth  first flex_column_div av-zero-column-padding  column-top-margin'     ><section  class='av_textblock_section av-kdyi6k0f-44cdbacfb8fcaf749d21accdc7b2335e '   itemscope=\"itemscope\" itemtype=\"https:\/\/schema.org\/CreativeWork\" ><div class='avia_textblock'  itemprop=\"text\" ><h3>Hauptsitz &#8211; Deutschland<\/h3>\n<p>Fischerstra\u00dfe 2<br \/>\n40477 D\u00fcsseldorf<\/p>\n<p><strong><a href=\"https:\/\/www.google.com\/maps\/dir\/51.6589798,6.9237786\/Cluster+Industrielle+Biotechnologie+e.V.\/@51.2151557,6.7654324,15.25z\/data=!4m9!4m8!1m1!4e1!1m5!1m1!1s0x47b8ca6d1280622b:0xd9ab095bda1fe390!2m2!1d6.762385!2d51.212838\" target=\"_blank\" rel=\"noopener\">Zum Routenplaner &gt;&gt;<\/a><\/strong><\/p>\n<p>Postfach 26 01 04 D-40094<\/p>\n<p>T: +49 211 418 737 27<br \/>\nF: +49 211 679 31 49<br \/>\nE: <a href=\"mailto:info@clib-cluster.de\">info@clib-cluster.de<\/a><\/p>\n<\/div><\/section><\/div>\n<style type=\"text\/css\" data-created_by=\"avia_inline_auto\" id=\"style-css-av-387v-7be3519454fd1628d07698ae6145b902\">\n.flex_column.av-387v-7be3519454fd1628d07698ae6145b902{\nborder-radius:0px 0px 0px 0px;\npadding:0px 0px 0px 0px;\n}\n<\/style>\n<div  class='flex_column av-387v-7be3519454fd1628d07698ae6145b902 av_three_fourth  avia-builder-el-42  el_after_av_one_fourth  el_before_av_one_full  flex_column_div av-zero-column-padding  column-top-margin'     ><p><section  class='av_textblock_section av-kdyi6k0f-6-d9bbe5f7e6e3a3e709d2dbb9b4629aad '   itemscope=\"itemscope\" itemtype=\"https:\/\/schema.org\/CreativeWork\" ><div class='avia_textblock'  itemprop=\"text\" ><p>Unsere Gesch\u00e4ftsstelle befindet sich in der nordrhein-westf\u00e4lischen Landeshauptstadt D\u00fcsseldorf.<\/p>\n<\/div><\/section><br \/>\n<div  class='togglecontainer av-keb69ani-8-f4e2c020d6db3297d378700daeda07e9 av-elegant-toggle  avia-builder-el-44  el_after_av_textblock  avia-builder-el-last  anfahrt toggle_close_all' >\n<section class='av_toggle_section av-1fxrn-f8ec68542c92db1e004fd4a8b3642f44'  itemscope=\"itemscope\" itemtype=\"https:\/\/schema.org\/CreativeWork\" ><div role=\"tablist\" class=\"single_toggle\" data-tags=\"{Alle} \"  ><p id='toggle-toggle-id-21' data-fake-id='#toggle-id-21' class='toggler  av-title-above '  itemprop=\"headline\"  role='tab' tabindex='0' aria-controls='toggle-id-21' data-slide-speed=\"200\" data-title=\"\u00d6ffentliche Verkehrsmittel\/Auto\/Fu\u00dfweg (Dropdown)\" data-title-open=\"\" data-aria_collapsed=\"Click to expand: \u00d6ffentliche Verkehrsmittel\/Auto\/Fu\u00dfweg (Dropdown)\" data-aria_expanded=\"Click to collapse: \u00d6ffentliche Verkehrsmittel\/Auto\/Fu\u00dfweg (Dropdown)\">\u00d6ffentliche Verkehrsmittel\/Auto\/Fu\u00dfweg (Dropdown)<span class=\"toggle_icon\"><span class=\"vert_icon\"><\/span><span class=\"hor_icon\"><\/span><\/span><\/p><div id='toggle-id-21' aria-labelledby='toggle-toggle-id-21' role='region' class='toggle_wrap  av-title-above'  ><div class='toggle_content invers-color '  itemprop=\"text\" ><h2>Anfahrtsbeschreibung<\/h2>\n<p><strong>Adresse:<\/strong><br \/>\nFischerstra\u00dfe 2<br \/>\n40477 D\u00fcsseldorf<\/p>\n<h2>Eingang zu unserem B\u00fcro im ERGO-Geb\u00e4ude<\/h2>\n<p>Der Eingang zu unserem B\u00fcro befindet sich auf der linken Seite des ERGO-Geb\u00e4udes. Bitte betreten Sie das Geb\u00e4ude und gehen Sie am Empfangstresen vorbei. Auf der rechten Seite sehen Sie eine Glast\u00fcr, die zu den Aufz\u00fcgen f\u00fchrt. Vor den Aufz\u00fcgen befindet sich ein Bedienpanel. Tippen Sie dort die Zahl 6 f\u00fcr die 6. Etage ein. Der Aufzug wird automatisch zu dieser Etage fahren, eine weitere Eingabe im Aufzug ist nicht erforderlich.<\/p>\n<h2>Anfahrt mit \u00d6PNV:<\/h2>\n<p><strong>Bushaltestellen<\/strong><br \/>\n400m &#8211; Venloer Stra\u00dfe<br \/>\n300m &#8211; Nordstra\u00dfe U<br \/>\n280m &#8211; ERGO-Platz\/Klever Str. U<\/p>\n<p><strong>Stra\u00dfenbahn-Haltestelle<\/strong><br \/>\n170m &#8211; Nordstra\u00dfe<\/p>\n<p><strong>U-Bahnhaltestellen<\/strong><br \/>\n50m &#8211; Nordstra\u00dfe U (Vorr\u00fcbergehend gesperrt)<br \/>\n250m &#8211; ERGO-Platz\/Klever Str. U<\/p>\n<h2>Anfahrt mit PKW:<\/h2>\n<p>B+B Parkhaus<br \/>\nPreis ab 2\u20ac variierend<br \/>\n<strong>Adresse:<\/strong><br \/>\nScheibenstra\u00dfe 2<br \/>\n40479 D\u00fcsseldorf<\/p>\n<\/div><\/div><\/div><\/section>\n<\/div><\/p><\/div>\n<style type=\"text\/css\" data-created_by=\"avia_inline_auto\" id=\"style-css-av-1hnq7-7-7b4f0fc47ab7d28aabc6d09a396a3d6d\">\n.flex_column.av-1hnq7-7-7b4f0fc47ab7d28aabc6d09a396a3d6d{\nborder-radius:0px 0px 0px 0px;\npadding:0px 0px 0px 0px;\n}\n<\/style>\n<div  class='flex_column av-1hnq7-7-7b4f0fc47ab7d28aabc6d09a396a3d6d av_one_full  avia-builder-el-45  el_after_av_three_fourth  el_before_av_one_third  first flex_column_div av-zero-column-padding  column-top-margin'     ><section  class='av_textblock_section av-kgt8kbly-5f8a2b091b8399094175407518dcec4d '   itemscope=\"itemscope\" itemtype=\"https:\/\/schema.org\/CreativeWork\" ><div class='avia_textblock'  itemprop=\"text\" ><h3>Niederlassungen<\/h3>\n<p>\u00dcber unsere Partnerorganisationen k\u00f6nnen Sie uns in Niederlassungen auf der ganzen Welt erreichen.<\/p>\n<\/div><\/section><\/div>\n<style type=\"text\/css\" data-created_by=\"avia_inline_auto\" id=\"style-css-av-1hnq7-5-a8d36ce12bca4ace18a64b93f7fdf231\">\n.flex_column.av-1hnq7-5-a8d36ce12bca4ace18a64b93f7fdf231{\nborder-radius:0px 0px 0px 0px;\npadding:0px 0px 0px 0px;\n}\n<\/style>\n<div  class='flex_column av-1hnq7-5-a8d36ce12bca4ace18a64b93f7fdf231 av_one_third  avia-builder-el-47  el_after_av_one_full  el_before_av_one_third  first flex_column_div av-zero-column-padding  column-top-margin'     ><section  class='av_textblock_section av-kgt8kbly-4-c5f08e1540b0977efd3ffe26c702c0b0 '   itemscope=\"itemscope\" itemtype=\"https:\/\/schema.org\/CreativeWork\" ><div class='avia_textblock'  itemprop=\"text\" ><p><strong>Kanada:<\/strong><br \/>\nInnovation et D\u00e9veloppement \u00e9conomique Trois-Rivi\u00e8res<br \/>\n370, rue des Forges, bureau 100<br \/>\nTrois-Rivi\u00e8res (Qu\u00e9bec) G9A 2H1<\/p>\n<\/div><\/section><\/div>\n<style type=\"text\/css\" data-created_by=\"avia_inline_auto\" id=\"style-css-av-1hnq7-3-36da7b30f374d41189c0b26131bbcceb\">\n.flex_column.av-1hnq7-3-36da7b30f374d41189c0b26131bbcceb{\nborder-radius:0px 0px 0px 0px;\npadding:0px 0px 0px 0px;\n}\n<\/style>\n<div  class='flex_column av-1hnq7-3-36da7b30f374d41189c0b26131bbcceb av_one_third  avia-builder-el-49  el_after_av_one_third  avia-builder-el-last  flex_column_div av-zero-column-padding  column-top-margin'     ><section  class='av_textblock_section av-kgt8kbly-2-777d7eed3f8820a2b236ab6a0ef9c0f2 '   itemscope=\"itemscope\" itemtype=\"https:\/\/schema.org\/CreativeWork\" ><div class='avia_textblock'  itemprop=\"text\" ><p><strong>China:<\/strong><br \/>\nQingdao Institute of Bioenergy and Bioprocess Technology, CAS<br \/>\nNo. 189 Songling Road, Laoshan District<br \/>\nQingdao, 266101<\/p>\n<\/div><\/section><\/div>\n\n<\/div><\/div><\/div><!-- close content main div --><\/div><\/div><div id='av_section_6'  class='avia-section av-kech30vd-ff94cbead3d232c0f3434520c28a9d24 main_color avia-section-default avia-no-border-styling  avia-builder-el-51  el_after_av_section  avia-builder-el-last  full-width avia-bg-style-scroll av-minimum-height av-minimum-height-custom av-height-custom  container_wrap fullsize'   data-av_minimum_height_px='299'><div class='container av-section-cont-open' style='height:299px'><div class='template-page content  av-content-full alpha units'><div class='post-entry post-entry-type-page post-entry-19'><div class='entry-content-wrapper clearfix'>\n<div  class='av_gmaps_sc_main_wrap av_gmaps_main_wrap '><div id='av_gmap_0' class='avia-google-map-container av_gmaps_show_delayed avia-google-map-sc  av-no-fallback-img ' data-mapid='av_gmap_0'  style='height: 400px;'><a class=\"av_gmaps_browser_disabled av_text_confirm_link av_text_confirm_link_visible\" href=\"https:\/\/www.google.com\/maps\/search\/?api=1&#038;query=V\u00f6lklinger%20Stra\u00dfe%204%20%2040219%20D\u00fcsseldorf%20Nordrhein-Westfalen%20Deutschland\" target=\"_blank\">Karten wurden vom Besucher auf dieser Webseite deaktiviert. Klicken Sie hier, um die Karte in einem neuen Fenster zu \u00f6ffnen.<\/a><a class=\"av_text_confirm_link brlbs-unblock-google-maps-enfold\" style=\"display:none\"><\/a> <div class=\"brlbs-cmpnt-container brlbs-cmpnt-content-blocker brlbs-cmpnt-with-individual-styles\" data-borlabs-cookie-content-blocker-id=\"google-maps-enfold\" data-borlabs-cookie-content=\"PGRpdiAgY2xhc3M9J2F2X2dtYXBzX3NjX21haW5fd3JhcCBhdl9nbWFwc19tYWluX3dyYXAgJz48ZGl2IGlkPSdhdl9nbWFwXzAnIGNsYXNzPSdhdmlhLWdvb2dsZS1tYXAtY29udGFpbmVyIGF2X2dtYXBzX3Nob3dfZGVsYXllZCBhdmlhLWdvb2dsZS1tYXAtc2MgIGF2LW5vLWZhbGxiYWNrLWltZyAnIGRhdGEtbWFwaWQ9J2F2X2dtYXBfMCcgIHN0eWxlPSdoZWlnaHQ6IDQwMHB4Oyc+PGEgY2xhc3M9ImF2X2dtYXBzX2Jyb3dzZXJfZGlzYWJsZWQgYXZfdGV4dF9jb25maXJtX2xpbmsgYXZfdGV4dF9jb25maXJtX2xpbmtfdmlzaWJsZSIgaHJlZj0iaHR0cHM6Ly93d3cuZ29vZ2xlLmNvbS9tYXBzL3NlYXJjaC8\/YXBpPTEmIzAzODtxdWVyeT1Ww7Zsa2xpbmdlciUyMFN0cmHDn2UlMjA0JTIwJTIwNDAyMTklMjBEw7xzc2VsZG9yZiUyME5vcmRyaGVpbi1XZXN0ZmFsZW4lMjBEZXV0c2NobGFuZCIgdGFyZ2V0PSJfYmxhbmsiPkthcnRlbiB3dXJkZW4gdm9tIEJlc3VjaGVyIGF1ZiBkaWVzZXIgV2Vic2VpdGUgZGVha3RpdmllcnQuIEtsaWNrZW4gU2llIGhpZXIsIHVtIGRpZSBLYXJ0ZSBpbiBlaW5lbSBuZXVlbiBGZW5zdGVyIHp1IMO2ZmZuZW4uPC9hPjwvZGl2PjwvZGl2Pg==\"><div class=\"brlbs-cmpnt-cb-preset-b brlbs-cmpnt-cb-google-maps-enfold\"> <div class=\"brlbs-cmpnt-cb-thumbnail\" style=\"background-image: url('https:\/\/www.clib-cluster.de\/wp-content\/uploads\/borlabs-cookie\/1\/brlbs-cb-google-maps-main.png')\"><\/div> <div class=\"brlbs-cmpnt-cb-main\"> <div class=\"brlbs-cmpnt-cb-content\"> <p class=\"brlbs-cmpnt-cb-description\">Sie sehen gerade einen Platzhalterinhalt von <strong>Google Maps<\/strong>. Um auf den eigentlichen Inhalt zuzugreifen, klicken Sie auf die Schaltfl\u00e4che unten. Bitte beachten Sie, dass dabei Daten an Drittanbieter weitergegeben werden.<\/p> <a class=\"brlbs-cmpnt-cb-provider-toggle\" href=\"#\" data-borlabs-cookie-show-provider-information role=\"button\">Mehr Informationen<\/a> <\/div> <div class=\"brlbs-cmpnt-cb-buttons\"> <a class=\"brlbs-cmpnt-cb-btn\" href=\"#\" data-borlabs-cookie-unblock role=\"button\">Inhalt entsperren<\/a> <a class=\"brlbs-cmpnt-cb-btn\" href=\"#\" data-borlabs-cookie-accept-service role=\"button\" style=\"display: inherit\">Erforderlichen Service akzeptieren und Inhalte entsperren<\/a> <\/div> <\/div> <\/div><\/div><\/div><\/div>\n\n","protected":false},"excerpt":{"rendered":"","protected":false},"author":1,"featured_media":0,"parent":0,"menu_order":0,"comment_status":"closed","ping_status":"closed","template":"","meta":{"footnotes":""},"class_list":["post-19","page","type-page","status-publish","hentry"],"_links":{"self":[{"href":"https:\/\/www.clib-cluster.de\/de\/wp-json\/wp\/v2\/pages\/19","targetHints":{"allow":["GET"]}}],"collection":[{"href":"https:\/\/www.clib-cluster.de\/de\/wp-json\/wp\/v2\/pages"}],"about":[{"href":"https:\/\/www.clib-cluster.de\/de\/wp-json\/wp\/v2\/types\/page"}],"author":[{"embeddable":true,"href":"https:\/\/www.clib-cluster.de\/de\/wp-json\/wp\/v2\/users\/1"}],"replies":[{"embeddable":true,"href":"https:\/\/www.clib-cluster.de\/de\/wp-json\/wp\/v2\/comments?post=19"}],"version-history":[{"count":32,"href":"https:\/\/www.clib-cluster.de\/de\/wp-json\/wp\/v2\/pages\/19\/revisions"}],"predecessor-version":[{"id":27968,"href":"https:\/\/www.clib-cluster.de\/de\/wp-json\/wp\/v2\/pages\/19\/revisions\/27968"}],"wp:attachment":[{"href":"https:\/\/www.clib-cluster.de\/de\/wp-json\/wp\/v2\/media?parent=19"}],"curies":[{"name":"wp","href":"https:\/\/api.w.org\/{rel}","templated":true}]}}